{"id":833,"date":"2016-04-05T21:55:52","date_gmt":"2016-04-05T20:55:52","guid":{"rendered":"http:\/\/tajotoledo.es\/?page_id=833"},"modified":"2020-02-06T11:00:49","modified_gmt":"2020-02-06T10:00:49","slug":"taller-de-pancartas","status":"publish","type":"page","link":"https:\/\/tajotoledo.es\/?page_id=833","title":{"rendered":"Hist\u00f3rico de actividades y eventos."},"content":{"rendered":"<p>20200130.- Estreno del v\u00eddeo documental &#8220;Un Tajo profundo: Memorias de un r\u00edo&#8221;. V\u00eddeos: <a href=\"https:\/\/youtu.be\/dupRsIpxc88\" target=\"_blank\" rel=\"noopener noreferrer\">Presentaci\u00f3n<\/a>, <a href=\"https:\/\/youtu.be\/aO7F7Fn45Ms\" target=\"_blank\" rel=\"noopener noreferrer\">coloquio<\/a>. Prensa: <a href=\"https:\/\/www.latribunadetoledo.es\/Noticia\/ZB06DC3E0-BDA1-A40A-C9851596C421D072\/202001\/Un-reivindicativo-documental-sobre-el-Tajo\">LA TRIBUNA DE TOLEDO<\/a> &#8211; <a href=\"https:\/\/eldiadigital.es\/art\/317914\/la-diputacion-alaba-la-importancia-del-documental-un-tajo-profundo-para-cuestionar-la-situacion-actual-del-rio\">EL D\u00cdA DIGITAL<\/a> &#8211; <a href=\"https:\/\/www.toledonewsredes.com\/2020\/01\/la-memoria-los-recuerdos-ejes-del.html\">TOLEDONEWSREDES<\/a>\u00a0&#8211; <a href=\"https:\/\/www.abc.es\/espana\/castilla-la-mancha\/toledo\/ciudad\/abci-tajo-profundo-memorias-grito-socorro-202001302103_noticia.html\">ABC TOLEDO<\/a><\/p>\n<p>20200129.- Ciclo de conferencias Investigando el Tajo: &#8220;Una mirada hidrol\u00f3gica del trasvase desde el Tajo&#8221;. <a href=\"http:\/\/tajotoledo.es\/wp-content\/uploads\/2020\/01\/Poster%20Antonio%20de%20Lucas.pdf\" target=\"_blank\" rel=\"noopener noreferrer\">Cartel en PDF<\/a>. <a href=\"http:\/\/tajotoledo.es\/wp-content\/uploads\/2020\/01\/Resumen%20conferencia%20Una%20mirada%20hidrol%C3%B3gica%20al%20Trasvase%20desde%20el%20Tajo.pdf\" target=\"_blank\" rel=\"noopener noreferrer\">Resumen de la conferencia<\/a>. <a href=\"http:\/\/elmeandro.com\/author\/adelucas\/\" target=\"_blank\" rel=\"noopener noreferrer\">Sobre el autor<\/a>. <a href=\"https:\/\/www.acuademia.com\/2019\/09\/el-trasvase-tajo-segura-rebatido-por-una-tesis-doctoral\/?pk_campaign=feed&amp;pk_kwd=el-trasvase-tajo-segura-rebatido-por-una-tesis-doctoral&amp;utm_source=feedburner&amp;utm_medium=email&amp;utm_campaign=Feed%3A+Acuademia+%28Acuademia.com%29\" target=\"_blank\" rel=\"noopener noreferrer\">Sobre su tesis doctoral<\/a>. V\u00eddeos: <a href=\"https:\/\/youtu.be\/o5jw4ewvom4\" target=\"_blank\" rel=\"noopener noreferrer\">Conferencia<\/a>, <a href=\"https:\/\/youtu.be\/s_EwFu9UJiI\" target=\"_blank\" rel=\"noopener noreferrer\">coloquio<\/a>. Algunas <a href=\"https:\/\/photos.google.com\/share\/AF1QipNljOPDNiSPlc09qR8A-yLzQANlLyXOMT7yCQGFteCwgHFYxfNLOg_Qw-tJdVJgVQ?key=UFlmWTNsa2xpLWlRWDJ1NFlwRVBOU2ZhaUpDWmVB\" target=\"_blank\" rel=\"noopener noreferrer\">fotos<\/a>. Prensa: <a href=\"https:\/\/www.eldiario.es\/clm\/explotacion-ineficaces-definicion-excedentes-defectuosa_0_990401832.html\" target=\"_blank\" rel=\"noopener noreferrer\">eldario.es<\/a><\/p>\n<p><a href=\"\/wp-content\/uploads\/2020\/01\/20200117%20-%20NP%20concentraci%C3%B3n%20Tajo%20ene2020.pdf\" target=\"_blank\" rel=\"noopener noreferrer\">20200120<\/a>.- Concentraci\u00f3n mensual en protesta por el trato dado al Tajo. Prensa: <a href=\"https:\/\/www.latribunadetoledo.es\/noticia\/Z75F5CF8F-F8BF-0EDE-361ACD09EC1DA282\/202001\/El-Tajo-a-la-Espera-del-Ministerio-de-Transicion-Ecologica\" target=\"_blank\" rel=\"noopener noreferrer\">La Tribuna de Toledo<\/a>. V\u00eddeo: <a href=\"http:\/\/atletismotoledano.blogspot.com\/2020_01_19_archive.html\" target=\"_blank\" rel=\"noopener noreferrer\">Atletismo Toledano<\/a>.<\/p>\n<p>20191219.- Concentraci\u00f3n mensual en protesta por el trato dado al Tajo. Foto.<\/p>\n<p>20191119.- Concentraci\u00f3n mensual en protesta por el trato dado al Tajo. Foto.<\/p>\n<p>20191019.- Concentraci\u00f3n mensual en protesta por el trato dado al Tajo. Foto.<\/p>\n<p>20190919.- Concentraci\u00f3n mensual en protesta por el trato dado al Tajo. Foto.<\/p>\n<p>20190819.- Concentraci\u00f3n mensual en protesta por el trato dado al Tajo. Foto.<\/p>\n<p>20190719.- Concentraci\u00f3n mensual en protesta por el trato dado al Tajo. Foto.<\/p>\n<p>20190619.- Manifestaci\u00f3n anual en protesta por el trato dado al Tajo. <a href=\"http:\/\/tajotoledo.es\/wp-content\/uploads\/2019\/06\/20190612%20-%20NP%20manifestaci%C3%B3n%20Tajo%202019.pdf\" target=\"_blank\" rel=\"noopener noreferrer\">Convocatoria<\/a>. <a href=\"http:\/\/tajotoledo.es\/wp-content\/uploads\/2019\/06\/Cu%C3%B1a_Tajo_2019v2.mp3\" target=\"_blank\" rel=\"noopener noreferrer\">Cu\u00f1a publicitaria<\/a>. <a href=\"http:\/\/tajotoledo.es\/wp-content\/uploads\/2019\/06\/20190619%20-%20MANIFIESTO%20CONTRA%20EL%20MALTRATO%20AL%20TAJO.pdf\" target=\"_blank\" rel=\"noopener noreferrer\">Manifiesto<\/a>. <a href=\"https:\/\/photos.google.com\/share\/AF1QipOgVsVZdtQzB5UXXKtSRKDH7L3_pvStCctmZxOlyd1YoBRpD2CrQlh2hOa15KHHBQ?key=OEhfS19aTmVfMVlCa0l4T3AweGNHeWxsY0hQTGZ3\" target=\"_blank\" rel=\"noopener noreferrer\">Galer\u00eda de fotos<\/a>. <a href=\"https:\/\/youtu.be\/tmuuYf88YgY\" target=\"_blank\" rel=\"noopener noreferrer\">V\u00eddeo completo<\/a>. <a href=\"https:\/\/youtu.be\/_Fgnj0rmKhs\" target=\"_blank\" rel=\"noopener noreferrer\">V\u00eddeo resumen<\/a>. Prensa: <a href=\"https:\/\/www.latribunadetoledo.es\/Noticia\/Z6B555A75-A411-3710-A4E93586E3A66170\/201906\/Tenemos-mas-razones-que-nunca-para-luchar-por-el-Tajo\" target=\"_blank\" rel=\"noopener noreferrer\">La Tribuna de Toledo<\/a>. <a href=\"https:\/\/toledodiario.es\/exigen-un-caudal-ambiental-en-el-tajo-cuando-se-cumplen-47-anos-de-la-prohibicion-de-bano-en-el-rio\/?fbclid=IwAR0sDwrM-PA_T3LcPUA0ekBKPl4WFRZH_KoZV6UZIRB8vyhvSSVsBqg_km4\" target=\"_blank\" rel=\"noopener noreferrer\">Toledo Diario<\/a>.<\/p>\n<p>20190519.- Concentraci\u00f3n mensual en protesta por el trato dado al Tajo.<\/p>\n<p>20190518.- <a href=\"http:\/\/tajotoledo.es\/?page_id=3033\" target=\"_blank\" rel=\"noopener noreferrer\">Excursi\u00f3n a Aranjuez, Bolarque, Saced\u00f3n y Pareja<\/a>.<\/p>\n<p>20190510.- TajoRock.<\/p>\n<p><a href=\"http:\/\/tajotoledo.es\/?page_id=1523\" target=\"_blank\" rel=\"noopener noreferrer\">20190426.- Actividad de voluntariado con CEIP La Candelaria<\/a>.<\/p>\n<p>20190426.- Taller de pancartas.<\/p>\n<p><a href=\"\/wp-content\/uploads\/2019\/04\/20190419%20-%20Asuntos%20tratados%20en%20la%20concentraci%C3%B3n..pdf\" target=\"_blank\" rel=\"noopener noreferrer\">20190419<\/a>.- Concentraci\u00f3n mensual en protesta por el trato dado al Tajo. <a href=\"http:\/\/tajotoledo.es\/wp-content\/uploads\/2019\/04\/20190419%20Concentraci%C3%B3n.jpg\" target=\"_blank\" rel=\"noopener noreferrer\" data-rel=\"lightbox\">Foto<\/a>.<\/p>\n<p>20190319.- Concentraci\u00f3n mensual en protesta por el trato dado al Tajo.<\/p>\n<p>20190219.- Concentraci\u00f3n mensual en protesta por el trato dado al Tajo.<\/p>\n<p><a href=\"\/wp-content\/uploads\/2019\/01\/20190119%20-%20Llamamiento%20a%20la%20concentraci%C3%B3n.pdf\">20190119<\/a>.- Concentraci\u00f3n mensual en protesta por el trato dado al Tajo. <a href=\"https:\/\/youtu.be\/B7RHEF62PhQ\" target=\"_blank\" rel=\"noopener noreferrer\">V\u00eddeo<\/a> . <a href=\"https:\/\/photos.app.goo.gl\/CcyXyHjrG9qAcpyC8\">Fotos<\/a>. Prensa: <a href=\"http:\/\/www.latribunadetoledo.es\/Noticia\/Z0B0F8A0B-0AE7-8ECB-3A99B4B86D108989\/201901\/Piden-mas-implicacion-en-la-defensa-del-rio-por-su-situacion\">La Tribuna de Toledo<\/a>. <a href=\"https:\/\/toledodiario.es\/piden-a-los-toledanos-participar-en-una-campana-que-defienda-la-directiva-marco-del-agua\/?fbclid=IwAR3Bv4Ny05Mmm1q-mzxXp8k0ntpbMUw5OU2z6YwCWXcdwcEiskEKj0eqnnk\">ToledoDiario<\/a>. <a href=\"https:\/\/www.clm24.es\/articulo\/toledo\/nueva-concentracion-toledo-defensa-rio-tajo-primera-ano-2019\/20190119184820232430.html\">CLM24<\/a>. <a href=\"https:\/\/eldiadigital.es\/art\/282422\/el-psoe-de-toledo-participa-en-la-concentracion-en-defensa-del-tajo\">El D\u00eda Digital<\/a>. <a href=\"https:\/\/www.eldigitalcastillalamancha.es\/actualidad\/523860375\/Una-foto-para-reflexionar-solo-2-personas-se-manifiestan-en-defensa-del-Tajo-en-Toledo.html\">eldigitalcastillalamancha.es<\/a>.<\/p>\n<p>20181219.- Concentraci\u00f3n mensual en protesta por el trato dado al Tajo. V\u00eddeo. Fotos. Prensa.<\/p>\n<p>20181128.- <a href=\"http:\/\/tajotoledo.es\/?page_id=2648\" target=\"_blank\" rel=\"noopener noreferrer\">Conferencia del ciclo UCLM-RFT &#8220;Investigando el Tajo&#8221;. La situaci\u00f3n del cangrejo aut\u00f3ctono<\/a>.<\/p>\n<p>20181119.- Concentraci\u00f3n mensual en protesta por el trato dado al Tajo. V\u00eddeo. Fotos. Prensa.<\/p>\n<p>20181019.- Concentraci\u00f3n mensual en protesta por el trato dado al Tajo. V\u00eddeo. Fotos. Prensa.<\/p>\n<p><a href=\"http:\/\/tajotoledo.es\/wp-content\/uploads\/2018\/09\/20180917%20-%20NP%20Convocatoria%20de%20concentraci%C3%B3n.pdf\" target=\"_blank\" rel=\"noopener noreferrer\">20180919<\/a>.- Concentraci\u00f3n mensual en protesta por el trato dado al Tajo. <a href=\"https:\/\/youtu.be\/IGtg3LKn0kY\" target=\"_blank\" rel=\"noopener noreferrer\">V\u00eddeo<\/a>. <a href=\"https:\/\/photos.app.goo.gl\/pfMzhYF32cg4wTUd9\" target=\"_blank\" rel=\"noopener noreferrer\">Fotos<\/a>. Prensa.<\/p>\n<p><a href=\"http:\/\/tajotoledo.es\/?page_id=2648\" target=\"_blank\" rel=\"noopener noreferrer\">20180919.- Conferencia del ciclo UCLM-RFT &#8220;Investigando el Tajo&#8221;. Restauraci\u00f3n fluvial en el r\u00edo Tajo<\/a>.<\/p>\n<p>20180915.- Concentraci\u00f3n en Aranjuez en protesta por la autorizaci\u00f3n de trasvases. <a href=\"\/wp-content\/uploads\/2018\/09\/Borrador%20rechazo%20trasvase%20septiembre%20Aranjuez.pdf\" target=\"_blank\" rel=\"noopener noreferrer\">Manifiesto<\/a>. <a href=\"\/wp-content\/uploads\/2018\/09\/Poes%C3%ADa%20al%20Tajo%20-%20Violeta%20-%20Jul2018.pdf\" target=\"_blank\" rel=\"noopener noreferrer\">Poes\u00eda in\u00e9dita<\/a>. <a href=\"\/wp-content\/uploads\/2018\/09\/Fotos%20Aranjuez%20protesta%20trasvase%20sep2018.pdf\" target=\"_blank\" rel=\"noopener noreferrer\">Fotos<\/a>. <a href=\"http:\/\/www.cmmedia.es\/noticias\/castilla-la-mancha\/manifestacion-en-aranjuez-a-favor-del-tajo-y-contra-el-expolio-de-los-trasvases\/\" target=\"_blank\" rel=\"noopener noreferrer\">Prensa<\/a>.<\/p>\n<p><a href=\"\/wp-content\/uploads\/2018\/08\/20180816%20-%20NP%20Convocatoria%20de%20concentraci%C3%B3n.pdf\" target=\"_blank\" rel=\"noopener noreferrer\">20180819<\/a>.-\u00a0 Concentraci\u00f3n mensual en protesta por el trato dado al Tajo. Video: <a href=\"https:\/\/youtu.be\/1FvjWOExgb0\" target=\"_blank\" rel=\"noopener noreferrer\">Convocatoria<\/a> &#8211; <a href=\"https:\/\/youtu.be\/HCiadTRnwac\" target=\"_blank\" rel=\"noopener noreferrer\">Coloquio<\/a>. <a href=\"https:\/\/photos.google.com\/share\/AF1QipORr-YunEW3K-J6pLvyjTz3QicJMBmPxKgH-yl6B1_I-534YSjciig5f-XGm0Vkzg?key=Rlg4V0d2RGpZTl95S0JEOUtMcmExN1JQcE5CVm93\" target=\"_blank\" rel=\"noopener noreferrer\">Fotos<\/a>. <a href=\"https:\/\/www.eldiario.es\/clm\/Plataforma-Tajo-Pacto-Agua-Junta_0_805619599.html\" target=\"_blank\" rel=\"noopener noreferrer\">Prensa<\/a>.<\/p>\n<p><a href=\"http:\/\/tajotoledo.es\/wp-content\/uploads\/2018\/07\/20180716%20-%20NP%20Convocatoria%20de%20concentraci%C3%B3n.pdf\" target=\"_blank\" rel=\"noopener noreferrer\">20180719<\/a>.-\u00a0 Concentraci\u00f3n mensual en protesta por el trato dado al Tajo. <a href=\"https:\/\/youtu.be\/7RZMqEjgV18\" target=\"_blank\" rel=\"noopener noreferrer\">Video<\/a>. <a href=\"https:\/\/photos.google.com\/share\/AF1QipMNBQ7oZKBhmLb7GUAtGvGzicFLPZrd_0GExmtjv8tTZCGr5rpHKvxjEjjBI1jIQQ?key=dFNEV2xGeTNET01oUF9NTXkxeUlwYzc4eF9TVDl3\" target=\"_blank\" rel=\"noopener noreferrer\">Fotos<\/a>.<\/p>\n<p><a href=\"http:\/\/tajotoledo.es\/?page_id=1690\" target=\"_blank\" rel=\"noopener noreferrer\">20180619<\/a>.- <a href=\"http:\/\/tajotoledo.es\/?page_id=2515\" target=\"_blank\" rel=\"noopener noreferrer\">Manifestaci\u00f3n por el 46 aniversario de la prohibici\u00f3n del ba\u00f1o<\/a>. Prensa: <a href=\"https:\/\/www.eldiario.es\/clm\/Banadores-toallas-Tajo-prohibido-Toledo_0_783572353.html\" target=\"_blank\" rel=\"noopener noreferrer\">El diario de CLM<\/a> &#8211; <a href=\"http:\/\/www.abc.es\/espana\/castilla-la-mancha\/toledo\/ciudad\/abci-toledo-protesta-46-anos-tajo-muerto-201806192115_noticia.html\" target=\"_blank\" rel=\"noopener noreferrer\">ABC<\/a> &#8211; <a href=\"http:\/\/www.lacerca.com\/noticias\/toledo\/pce-manifestacion-rio-tajo-toledo-426311-1.html\" target=\"_blank\" rel=\"noopener noreferrer\">La Cerca<\/a>. &#8211;\u00a0<a href=\"https:\/\/toledodiario.es\/fotos-cientos-toledanos-piden-recuperar-completamente-tajo\/\" target=\"_blank\" rel=\"noopener noreferrer\">Toledo Diario<\/a>. &#8211; <a href=\"https:\/\/www.clm24.es\/articulo\/toledo\/plataforma-defensa-dtajo-confia-nuevo-gobierno-cambie-tendencia-politica-agua\/20180619200658208859.html\" target=\"_blank\" rel=\"noopener noreferrer\">CLM24<\/a>. V\u00eddeos: <a href=\"https:\/\/youtu.be\/eCDlZUpX6Vk\" target=\"_blank\" rel=\"noopener noreferrer\">Atletismo Toledano<\/a>. Galer\u00edas: <a href=\"http:\/\/www.encastillalamancha.es\/castilla-la-mancha\/las-voces-en-defensa-de-la-dignidad-del-rio-tajo-vuelven-a-alzarse-en-toledo-en-imagenes\/#ringtone\/gallery\/galeria1\/0\" target=\"_blank\" rel=\"noopener noreferrer\">EnCLM.es<\/a> &#8211; <a href=\"https:\/\/photos.google.com\/share\/AF1QipMhR43nxR2nGFNIpvfFylKRHOcL5t3pU7bMDKLYwTriqDL_tzyPovOihBIc3Id_ZA?key=bXplb0NSVFhIRk1tdzhHeWYtVXJyWjB6Y0JQY2ZB\" target=\"_blank\" rel=\"noopener noreferrer\">Atletismo Toledano<\/a>.<\/p>\n<p><a href=\"http:\/\/tajotoledo.es\/?page_id=2341\" target=\"_blank\" rel=\"noopener noreferrer\">20180526.- Excursi\u00f3n a Aranjuez y Bolarque<\/a>. <a href=\"\/wp-content\/uploads\/2018\/05\/20180526%20-%20Cr%C3%B3nica%20de%20la%20excursi%C3%B3n%20a%20Bolarque.pdf\" target=\"_blank\" rel=\"noopener noreferrer\">Rese\u00f1a de la excursi\u00f3n<\/a>. <a href=\"\/wp-content\/uploads\/2018\/05\/20180526%20-%20De%20nuevo%20por%20Bolarque..pdf\" target=\"_blank\" rel=\"noopener noreferrer\">Cr\u00f3nica literaria<\/a> (Juan Jos\u00e9 Fdez. Delgado). <a href=\"https:\/\/youtu.be\/5sSvZGt-srM\" target=\"_blank\" rel=\"noopener noreferrer\">V\u00eddeo<\/a> (Ismael Carro).<\/p>\n<p><a href=\"https:\/\/youtu.be\/lt8_aOwYjfI\" target=\"_blank\" rel=\"noopener noreferrer\">20180519<\/a>.- Concentraci\u00f3n mensual en protesta por el trato dado al Tajo. <a href=\"https:\/\/youtu.be\/lt8_aOwYjfI\" target=\"_blank\" rel=\"noopener noreferrer\">Resumen en Atletismo Toledano<\/a>. <a href=\"https:\/\/photos.google.com\/share\/AF1QipN59t1X-OfZY0Ka_zn8UTAI5v3E26YPr7iRUjsoi7d65N8Nla547YzOLtEmXYn_Rw?key=amVxYVBZNXZQbUtSRVBibTBiNHQyenBxX29DcnVR\" target=\"_blank\" rel=\"noopener noreferrer\">Galer\u00eda<\/a>.<\/p>\n<p><a href=\"http:\/\/tajotoledo.es\/?page_id=2409\" target=\"_blank\" rel=\"noopener noreferrer\">20180516.- Conferencia del ciclo UCLM-RFT &#8220;Investigando el Tajo&#8221;. Producci\u00f3n hidroel\u00e9ctrica en la cuenca del Tajo y afecci\u00f3n por el cambio clim\u00e1tico<\/a>.<\/p>\n<p><a href=\"http:\/\/atletismotoledano.blogspot.com.es\/2018_04_19_archive.html\" target=\"_blank\" rel=\"noopener noreferrer\">20180419<\/a>.- Concentraci\u00f3n mensual en protesta por el trato dado al Tajo.<\/p>\n<p><a href=\"http:\/\/atletismotoledano.blogspot.com.es\/2018\/04\/medio-ambiente-concentracion-por-el-rio.html\" target=\"_blank\" rel=\"noopener noreferrer\">20180403<\/a>.- Concentraci\u00f3n espont\u00e1nea y ciudadana en protesta por la reanudaci\u00f3n de los trasvases.<\/p>\n<p>20180321.- Exposici\u00f3n \u201cEl Tajo, la asignatura pendiente\u201d en sede de CC.OO. en Toledo. (Fotos: <a href=\"\/wp-content\/uploads\/2018\/03\/IMG_20180320_140756_984.jpg\" target=\"_blank\" rel=\"noopener noreferrer\">1<\/a> &#8211; <a href=\"\/wp-content\/uploads\/2018\/03\/IMG_20180320_140732_515.jpg\" target=\"_blank\" rel=\"noopener noreferrer\">2<\/a> &#8211; <a href=\"\/wp-content\/uploads\/2018\/03\/IMG_20180320_140659_417.jpg\" target=\"_blank\" rel=\"noopener noreferrer\">3<\/a> ). (<a href=\"\/wp-content\/uploads\/2018\/03\/D%C3%ADptico.pdf\" target=\"_blank\" rel=\"noopener noreferrer\">D\u00edptico<\/a>). (<a href=\"\/wp-content\/uploads\/2018\/03\/CARTEL%20EXPOSICI%C3%93N%20TAJO-1.jpg\" target=\"_blank\" rel=\"noopener noreferrer\">Cartel<\/a>). Prensa: <a href=\"http:\/\/www.encastillalamancha.es\/medio-ambiente\/fotos-que-muestran-el-declive-del-tajo-en-los-ultimos-tiempos-la-asignatura-pendiente\/\" target=\"_blank\" rel=\"noopener noreferrer\">EnCLM<\/a> &#8211; <a href=\"http:\/\/www.europapress.es\/castilla-lamancha\/noticia-ccoo-lm-expresa-no-categorico-trasvase-apoyara-cualquier-iniciativa-lleve-pacto-mejora-20180322120039.html\" target=\"_blank\" rel=\"noopener noreferrer\">Europa Press<\/a> &#8211; <a href=\"https:\/\/www.clm24.es\/articulo\/actualidad\/ccoo-dice-categorico-trasvase-supone-muerte-literal-tajo\/20180322141709197658.html\" target=\"_blank\" rel=\"noopener noreferrer\">CLM24<\/a><\/p>\n<p><a href=\"http:\/\/tajotoledo.es\/?page_id=1690\" target=\"_blank\" rel=\"noopener noreferrer\">20180319<\/a>.- <a href=\"\/wp-content\/uploads\/2018\/03\/Llamamiento%20concentraci%C3%B3n%20marzo%202018.jpg\" target=\"_blank\" rel=\"noopener noreferrer\">Llamamiento a la concentraci\u00f3n<\/a>. <a href=\"\/wp-content\/uploads\/2018\/03\/IMG_20180320_114532_404.jpg\" target=\"_blank\" rel=\"noopener noreferrer\">La estampa del Tajo<\/a>. Galer\u00eda:\u00a0 <a href=\"\/wp-content\/uploads\/2018\/03\/IMG-20180319-WA0019.jpg\" target=\"_blank\" rel=\"noopener noreferrer\">1<\/a> \u2013 <a href=\"\/wp-content\/uploads\/2018\/03\/IMG-20180319-WA0020.jpg\" target=\"_blank\" rel=\"noopener noreferrer\">2<\/a> \u2013 <a href=\"\/wp-content\/uploads\/2018\/03\/IMG-20180319-WA0024.jpg\" target=\"_blank\" rel=\"noopener noreferrer\">3<\/a> &#8211; <a href=\"\/wp-content\/uploads\/2018\/03\/IMG-20180319-WA0025.jpg\" target=\"_blank\" rel=\"noopener noreferrer\">4<\/a>.<\/p>\n<p>20180318.- Colaborando en recogida de basuras. <a href=\"\/wp-content\/uploads\/2018\/03\/Llamamiento%20basuras%20polvorines.jpg\" target=\"_blank\" rel=\"noopener noreferrer\">Llamamiento<\/a>. <a href=\"\/wp-content\/uploads\/2018\/03\/Manifiesto%2018-3-2018.pdf\" target=\"_blank\" rel=\"noopener noreferrer\">Manifiesto<\/a>. Prensa: <a href=\"\/wp-content\/uploads\/2018\/03\/20180316%20NP%20actividad%20de%20basura%20polvorines.jpg\" target=\"_blank\" rel=\"noopener noreferrer\">Convocatoria<\/a> &#8211; <a href=\"https:\/\/www.google.es\/url?sa=t&amp;rct=j&amp;q=&amp;esrc=s&amp;source=web&amp;cd=1&amp;cad=rja&amp;uact=8&amp;ved=0ahUKEwi8-Ja--PvZAhUMORQKHZ8KAUwQFggoMAA&amp;url=http%3A%2F%2Fwww.encastillalamancha.es%2Fcastilla-la-mancha%2Ftoledo%2Fcuando-el-tajo-se-convierte-en-un-vertedero-sacan-22-metros-cubicos-de-basura-del-parque-de-los-polvorines-en-toledo%2F&amp;usg=AOvVaw2YqLb_lu9w8qhmxsobYpGz\" target=\"_blank\" rel=\"noopener noreferrer\">EnCML<\/a> &#8211; <a href=\"https:\/\/www.google.es\/url?sa=t&amp;rct=j&amp;q=&amp;esrc=s&amp;source=web&amp;cd=2&amp;cad=rja&amp;uact=8&amp;ved=0ahUKEwi8-Ja--PvZAhUMORQKHZ8KAUwQFggtMAE&amp;url=http%3A%2F%2Fwww.latribunadetoledo.es%2Fnoticia%2FZ466DC083-E81B-90BB-C6514980C6C2E344%2FCorresponsabilidad-por-el-bien-del-Tajo&amp;usg=AOvVaw1PtkvIjGltzNgmZJ7shn8x\" target=\"_blank\" rel=\"noopener noreferrer\">La Tribuna de Toledo<\/a>.<\/p>\n<p><a href=\"http:\/\/tajotoledo.es\/?page_id=2113\" target=\"_blank\" rel=\"noopener noreferrer\">20180307.- Conferencia del ciclo UCLM-RFT &#8220;Investigando el Tajo&#8221;. Impactos socioecon\u00f3micos del Trasvase Tajo-Segura en los municipios ribere\u00f1os de Entrepe\u00f1as y Buend\u00eda<\/a>.<\/p>\n<p><a href=\"http:\/\/tajotoledo.es\/?page_id=1690\" target=\"_blank\" rel=\"noopener noreferrer\">20180219<\/a>.- <a href=\"http:\/\/tajotoledo.es\/wp-content\/uploads\/2018\/02\/20180219%20-%20Llamamiento%20a%20la%20concentraci%C3%B3n.pdf\" target=\"_blank\" rel=\"noopener noreferrer\">Llamamiento a la concentraci\u00f3n<\/a>. <a href=\"http:\/\/tajotoledo.es\/wp-content\/uploads\/2018\/02\/IMG-20180219-WA0002.jpg\" target=\"_blank\" rel=\"noopener noreferrer\" data-rel=\"lightbox\">La estampa del Tajo<\/a>. Galer\u00eda:\u00a0 <a href=\"http:\/\/tajotoledo.es\/wp-content\/uploads\/2018\/02\/IMG-concentraci%C3%B3n%20feb18-1.jpg\" target=\"_blank\" rel=\"noopener noreferrer\" data-rel=\"lightbox\">1<\/a> \u2013 <a href=\"http:\/\/tajotoledo.es\/wp-content\/uploads\/2018\/02\/IMG-concentraci%C3%B3n%20feb18-2.jpg\" target=\"_blank\" rel=\"noopener noreferrer\" data-rel=\"lightbox\">2<\/a> \u2013 <a href=\"http:\/\/tajotoledo.es\/wp-content\/uploads\/2018\/02\/IMG-concentraci%C3%B3n%20feb18-3.jpg\" target=\"_blank\" rel=\"noopener noreferrer\" data-rel=\"lightbox\">3<\/a>. Alocuci\u00f3n: <a href=\"http:\/\/tajotoledo.es\/wp-content\/uploads\/2018\/02\/20180219%20-%20Temas%20de%20alocuci%C3%B3n%2019%20febrero%202018.pdf\" target=\"_blank\" rel=\"noopener noreferrer\">Asuntos de inter\u00e9s a compartir<\/a>.<\/p>\n<p>20180215.- Exposici\u00f3n \u201cEl Tajo, la asignatura pendiente\u201d en la Biblioteca P\u00fablica de C\u00e1ceres. (<a href=\"http:\/\/tajotoledo.es\/wp-content\/uploads\/2018\/02\/IMG_20180215_124338_558.jpg\" target=\"_blank\" rel=\"noopener noreferrer\">Fotos<\/a>). (Ver <a href=\"http:\/\/tajotoledo.es\/wp-content\/uploads\/2018\/02\/Cartel%20exposici%C3%B3n%20-%20C%C3%A1ceres.pdf\" target=\"_blank\" rel=\"noopener noreferrer\">cartel<\/a> y <a href=\"http:\/\/tajotoledo.es\/wp-content\/uploads\/2018\/02\/D%C3%ADptico%20-%20C%C3%A1ceres.pdf\" target=\"_blank\" rel=\"noopener noreferrer\">d\u00edptico<\/a>).<\/p>\n<p><a href=\"http:\/\/tajotoledo.es\/?page_id=2055\" target=\"_blank\" rel=\"noopener noreferrer\">20180124.- Conferencia del ciclo UCLM-RFT &#8220;Investigando el Tajo&#8221;. La gesti\u00f3n de Entrepe\u00f1as y Buend\u00eda sin trasvases.<\/a><\/p>\n<p><a href=\"http:\/\/tajotoledo.es\/?page_id=1690\">20180119<\/a>.- <a href=\"\/wp-content\/uploads\/2018\/01\/20180117%20-%20NP%20Concentraci%C3%B3n%20enero.pdf\" target=\"_blank\" rel=\"noopener noreferrer\">Llamamiento a la concentraci\u00f3n<\/a>. <a href=\"\/wp-content\/uploads\/2018\/01\/IMG-20180119%20Tajo%20Toledo.jpg\" target=\"_blank\" rel=\"noopener noreferrer\">La estampa del Tajo<\/a>. Galer\u00eda:\u00a0<a href=\"\/wp-content\/uploads\/2018\/01\/IMG_20180119.jpg\" target=\"_blank\" rel=\"noopener noreferrer\"> 1<\/a>. Alocuci\u00f3n: <a href=\"\/wp-content\/uploads\/2018\/01\/20180119%20-%20Temas%20de%20alocuci%C3%B3n%2019%20enero%202018.pdf\" target=\"_blank\" rel=\"noopener noreferrer\">Asuntos de inter\u00e9s a compartir<\/a>.<\/p>\n<p><a href=\"http:\/\/tajotoledo.es\/?page_id=1546\" target=\"_blank\" rel=\"noopener noreferrer\">20171229.- Petici\u00f3n a la UNESCO<\/a>.<\/p>\n<p><a href=\"http:\/\/tajotoledo.es\/?page_id=1690\" target=\"_blank\" rel=\"noopener noreferrer\">20171219<\/a>.-\u00a0 <a href=\"http:\/\/tajotoledo.es\/wp-content\/uploads\/2017\/12\/20171217%20-%20NP%20Concentraci%C3%B3n%20en%20Navidad.pdf\" target=\"_blank\" rel=\"noopener noreferrer\">Llamamiento a la concentraci\u00f3n<\/a>. <a href=\"http:\/\/tajotoledo.es\/wp-content\/uploads\/2017\/12\/IMG_20171219_165629.jpg\" target=\"_blank\" rel=\"noopener noreferrer\" data-rel=\"lightbox\">La estampa del Tajo<\/a>. Galer\u00eda: <a href=\"http:\/\/www.encastillalamancha.es\/sociedad\/la-plataforma-toledo-defensa-del-tajo-se-concentra-toledo-protesta-maltrato-al-rio\/#ringtone\/gallery\/galeria1\/8\" target=\"_blank\" rel=\"noopener noreferrer\">EnCLM<\/a> \u2013<a href=\"http:\/\/tajotoledo.es\/wp-content\/uploads\/2017\/12\/DAC_9499.JPG\" target=\"_blank\" rel=\"noopener noreferrer\" data-rel=\"lightbox\"> 1 <\/a>\u2013<a href=\"http:\/\/tajotoledo.es\/wp-content\/uploads\/2017\/12\/DAC_9498.JPG\" target=\"_blank\" rel=\"noopener noreferrer\" data-rel=\"lightbox\"> 2 <\/a>\u2013<a href=\"http:\/\/tajotoledo.es\/wp-content\/uploads\/2017\/12\/DAC_9486.JPG\" target=\"_blank\" rel=\"noopener noreferrer\" data-rel=\"lightbox\"> 3 <\/a>\u2013<a href=\"http:\/\/tajotoledo.es\/wp-content\/uploads\/2017\/12\/DAC_9482.JPG\" target=\"_blank\" rel=\"noopener noreferrer\" data-rel=\"lightbox\"> 4 <\/a>\u2013<a href=\"http:\/\/tajotoledo.es\/wp-content\/uploads\/2017\/12\/DAC_9479.JPG\" target=\"_blank\" rel=\"noopener noreferrer\" data-rel=\"lightbox\"> 5 <\/a>\u2013<a href=\"http:\/\/tajotoledo.es\/wp-content\/uploads\/2017\/12\/DAC_9478.JPG\" target=\"_blank\" rel=\"noopener noreferrer\" data-rel=\"lightbox\"> 6 <\/a>\u2013<a href=\"http:\/\/tajotoledo.es\/wp-content\/uploads\/2017\/12\/DAC_9476.JPG\" target=\"_blank\" rel=\"noopener noreferrer\" data-rel=\"lightbox\"> 7 <\/a>\u2013<a href=\"http:\/\/tajotoledo.es\/wp-content\/uploads\/2017\/12\/DAC_9473.JPG\" target=\"_blank\" rel=\"noopener noreferrer\" data-rel=\"lightbox\"> 8<\/a>. Prensa: <a href=\"https:\/\/www.clm24.es\/articulo\/toledo\/concentra-defensa-rio-rechaza-34-sordera34-soluciones-gestion-agua\/20171219221018185531.html\" target=\"_blank\" rel=\"noopener noreferrer\">CLM24.es<\/a> \u2013 <a href=\"http:\/\/www.lacerca.com\/noticias\/toledo\/plataforma-tajo-concentra-rio-sordera-soluciones-gestion-agua-398048-1.html\" target=\"_blank\" rel=\"noopener noreferrer\">La Cerca<\/a>. <a href=\"http:\/\/toledodiario.es\/la-plataforma-del-tajo-advierte-de-que-la-sequia-se-utiliza-como-argumento-enganoso-en-favor-de-trasvases-y-embalses\/\" target=\"_blank\" rel=\"noopener noreferrer\">Toledodiario.es<\/a>. Alocuci\u00f3n: <a href=\"http:\/\/tajotoledo.es\/wp-content\/uploads\/2017\/12\/20171219%20-%20Temas%20de%20alocuci%C3%B3n%2019%20diciembre%202017.pdf\" target=\"_blank\" rel=\"noopener noreferrer\">Asuntos de inter\u00e9s a compartir<\/a>.<\/p>\n<p><a href=\"http:\/\/tajotoledo.es\/?page_id=1969\" target=\"_blank\" rel=\"noopener noreferrer\">20171129.- Conferencia del ciclo UCLM-RFT &#8220;Investigando el Tajo&#8221;. Intervenci\u00f3n humana en la geomorfologia y din\u00e1mica natural de los r\u00edos Tajo y Jarama<\/a>.<\/p>\n<p><a href=\"http:\/\/tajotoledo.es\/?page_id=1690\" target=\"_blank\" rel=\"noopener noreferrer\">20171119<\/a>.- <a href=\"\/wp-content\/uploads\/2017\/11\/20171115%20-%20Nota%20de%20prensa%20nuevo%20horario%20de%20concentraciones.pdf\" target=\"_blank\" rel=\"noopener noreferrer\">Llamamiento a la concentraci\u00f3n<\/a>. <a href=\"\/wp-content\/uploads\/2017\/11\/Imagen%20del%20Tajo%20el%2019-11-2017.jpg\" target=\"_blank\" rel=\"noopener noreferrer\">La estampa del d\u00eda<\/a>. <a href=\"\/wp-content\/uploads\/2017\/11\/Imagen%20del%20Tajo%2019-11-2017.jpg\" target=\"_blank\" rel=\"noopener noreferrer\">La estampa del Tajo<\/a>.\u00a0 Fotos: <a href=\"\/wp-content\/uploads\/2017\/11\/IMG-20171120-WA0014.jpg\" target=\"_blank\" rel=\"noopener noreferrer\">1<\/a> &#8211; <a href=\"\/wp-content\/uploads\/2017\/11\/IMG-20171120-WA0011.jpg\" target=\"_blank\" rel=\"noopener noreferrer\">2<\/a> &#8211; <a href=\"\/wp-content\/uploads\/2017\/11\/IMG-20171120-WA0007.jpg\" target=\"_blank\" rel=\"noopener noreferrer\">3<\/a>. Prensa:\u00a0\u00a0\u00a0\u00a0\u00a0\u00a0\u00a0\u00a0\u00a0\u00a0\u00a0\u00a0\u00a0 Alocuci\u00f3n: <a href=\"\/wp-content\/uploads\/2017\/11\/20171119%20-%20Temas%20de%20alocuci%C3%B3n%2019%20noviembre%202017.pdf\" target=\"_blank\" rel=\"noopener noreferrer\">Asuntos de inter\u00e9s a compartir<\/a>.<\/p>\n<p><a href=\"http:\/\/tajotoledo.es\/wp-content\/uploads\/2017\/11\/Tertulias%20con%20protagonistas%20del%20Tajo.pdf\" target=\"_blank\" rel=\"noopener noreferrer\">20171116.- Tertulias con protagonistas del Tajo<\/a>. Fotos: <a href=\"\/wp-content\/uploads\/2017\/11\/20171116%20-%20Tertulia%20con%20Villasante.jpg\" target=\"_blank\" rel=\"noopener noreferrer\">D\u00eda 16, con Felix Villasante<\/a> &#8211; <a href=\"\/wp-content\/uploads\/2017\/11\/20171117-Tertulia%20con%20Polo%20y%20otros.jpg\" target=\"_blank\" rel=\"noopener noreferrer\">D\u00eda 17, con Jos\u00e9 Polo, Maxi y Javier<\/a>.<\/p>\n<p><a href=\"http:\/\/tajotoledo.es\/?page_id=1690\" target=\"_blank\" rel=\"noopener noreferrer\">20171019<\/a>.- <a href=\"\/wp-content\/uploads\/2017\/10\/20171018%20-%20Recordatorio%20convocatoria%20de%20concentraci%C3%B3n.pdf\" target=\"_blank\" rel=\"noopener noreferrer\">Llamamiento a la concentraci\u00f3n<\/a>. <a href=\"\/wp-content\/uploads\/2017\/10\/IMG-20171020-WA0009.jpg\" target=\"_blank\" rel=\"noopener noreferrer\">La estampa del d\u00eda<\/a>. Prensa: <a href=\"http:\/\/www.encastillalamancha.es\/castilla-la-mancha\/la-plataforma-de-toledo-en-defensa-del-tajo-pide-la-dimision-de-la-directora-general-del-agua\/\" target=\"_blank\" rel=\"noopener noreferrer\">Encastillalamancha.es<\/a>. \u00a0\u00a0\u00a0 Alocuci\u00f3n: <a href=\"http:\/\/tajotoledo.es\/wp-content\/uploads\/2017\/10\/20171019%20-%20Temas%20de%20alocuci%C3%B3n%2019%20octubre%202017.pdf\" target=\"_blank\" rel=\"noopener noreferrer\">Asuntos de inter\u00e9s a compartir<\/a>.<\/p>\n<p><a href=\"http:\/\/tajotoledo.es\/?page_id=1811\" target=\"_blank\" rel=\"noopener noreferrer\">20170916.- Excursi\u00f3n a Aranjuez y Bolarque<\/a>. Cr\u00f3nicas: <a href=\"http:\/\/atletismotoledano.blogspot.com.es\/2017\/09\/medio-ambiente-excursion-al-pantano-de.html\" target=\"_blank\" rel=\"noopener noreferrer\">Blog Atletismo Toledano<\/a> &#8211; <a href=\"http:\/\/www.encastillalamancha.es\/medio-ambiente\/el-rio-tajo-una-alcantarilla-a-cielo-abierto\/\" target=\"_blank\" rel=\"noopener noreferrer\">Encastillalamancha.es (Agust\u00edn Yanel)<\/a> &#8211; <a href=\"\/wp-content\/uploads\/2017\/10\/En%20el%20embalse%20de%20Bolarque%20otra%20vez%20-%202017-1.pdf\" target=\"_blank\" rel=\"noopener noreferrer\">Cr\u00f3nica literaria (Juan Jos\u00e9 Fdez. Delgado)<\/a> &#8211; <a href=\"http:\/\/www.rtve.es\/alacarta\/videos\/repor\/repor-ultimatum-del-tajo\/4273594\/\" target=\"_blank\" rel=\"noopener noreferrer\">TVE 24H Report<\/a> (<a href=\"http:\/\/rtve.es\/v\/4267211\" target=\"_blank\" rel=\"noopener noreferrer\">Trailer<\/a>).<\/p>\n<p><a href=\"http:\/\/tajotoledo.es\/?page_id=1690\" target=\"_blank\" rel=\"noopener noreferrer\">20170819<\/a>.- <a href=\"http:\/\/tajotoledo.es\/wp-content\/uploads\/2017\/08\/20170818%20-%20NP%20convocatoria%20de%20concentraci%C3%B3n.pdf\" target=\"_blank\" rel=\"noopener noreferrer\">Llamamiento a las concentraciones<\/a>. Galer\u00eda: <a href=\"http:\/\/atletismotoledano.blogspot.com.es\/2017\/08\/medio-ambiente-fotos-y-video-de-la.html\" target=\"_blank\" rel=\"noopener noreferrer\">Atletismo Toledano<\/a>, <a href=\"http:\/\/tajotoledo.es\/wp-content\/uploads\/2017\/08\/Estado%20previo%20a%20la%20concentraci%C3%B3n%2010-08-2017.jpg\" target=\"_blank\" rel=\"noopener noreferrer\" data-rel=\"lightbox\">La estampa del d\u00eda<\/a>. Prensa: <a href=\"http:\/\/www.eldiario.es\/clm\/Nueva-concentracion-Tajo-Toledo-sequia_0_677532586.html\" target=\"_blank\" rel=\"noopener noreferrer\">El Diario<\/a>. <a href=\"http:\/\/cadenaser.com\/emisora\/2017\/08\/19\/ser_toledo\/1503137696_412910.html\" target=\"_blank\" rel=\"noopener noreferrer\">SER Toledo<\/a>. <a href=\"https:\/\/twitter.com\/CMM_noticias\/status\/899251105896570880\" target=\"_blank\" rel=\"noopener noreferrer\">CMMedia<\/a>. Alocuci\u00f3n: <a href=\"http:\/\/tajotoledo.es\/wp-content\/uploads\/2017\/08\/20170819%20-%20Temas%20de%20alocuci%C3%B3n%2019%20agosto%202017.pdf\" target=\"_blank\" rel=\"noopener noreferrer\">Asuntos de inter\u00e9s a compartir<\/a>.<\/p>\n<p style=\"text-align: justify;\"><a href=\"http:\/\/tajotoledo.es\/?page_id=1690\" target=\"_blank\" rel=\"noopener noreferrer\">20170719<\/a>.- <a href=\"http:\/\/tajotoledo.es\/wp-content\/uploads\/2017\/07\/Llamamiento%20de%20actitud%20en%20concentraciones.pdf\" target=\"_blank\" rel=\"noopener noreferrer\">Llamamiento a las concentraciones<\/a>. Galer\u00eda: <a href=\"http:\/\/atletismotoledano.blogspot.com.es\/2017\/07\/medio-ambiente-concentracion-por-el-rio.html\" target=\"_blank\" rel=\"noopener noreferrer\">Atletismo Toledano<\/a>, <a href=\"http:\/\/tajotoledo.es\/wp-content\/uploads\/2017\/07\/Papillas%20Tajo%2018-07-2017.pdf\" target=\"_blank\" rel=\"noopener noreferrer\">Desde el meandro<\/a>. Prensa: <a href=\"http:\/\/www.eldiario.es\/clm\/nacional-intercambio-cromos-siempre-Tajo_0_667033445.html\" target=\"_blank\" rel=\"noopener noreferrer\">El Diario<\/a>, <a href=\"http:\/\/www.toledonewsredes.com\/2017\/07\/la-sentencia-del-ebro-abre-una-puerta.html?spref=fb\" target=\"_blank\" rel=\"noopener noreferrer\">Toledo News Redes<\/a>. Alocuci\u00f3n: <a href=\"http:\/\/tajotoledo.es\/wp-content\/uploads\/2017\/07\/20170719%20-%20Temas%20de%20alocuci%C3%B3n%2019%20julio%202017.pdf\" target=\"_blank\" rel=\"noopener noreferrer\">Asuntos de inter\u00e9s a compartir<\/a>.<\/p>\n<p style=\"text-align: justify;\"><a href=\"http:\/\/tajotoledo.es\/?page_id=1788\" target=\"_blank\" rel=\"noopener noreferrer\">20170707.- Exposici\u00f3n &#8220;El Tajo, la asignatura pendiente&#8221; en la C\u00e1mara Bufa de Toledo<\/a>. (<a href=\"http:\/\/tajotoledo.es\/wp-content\/uploads\/2017\/07\/Galer%C3%ADa%20C%C3%A1mara%20Bufa.pdf\" target=\"_blank\" rel=\"noopener noreferrer\">Fotos<\/a>). (<a href=\"http:\/\/tajotoledo.es\/wp-content\/uploads\/2017\/07\/D%C3%ADptico%20C%C3%A1mara%20Bufa.pdf\" target=\"_blank\" rel=\"noopener noreferrer\">D\u00edptico<\/a>). (<a href=\"http:\/\/tajotoledo.es\/wp-content\/uploads\/2017\/07\/Cartel%20C%C3%A1mara%20Bufa%20Toledo.jpg\" target=\"_blank\" rel=\"noopener noreferrer\" data-rel=\"lightbox\">Cartel<\/a>).<\/p>\n<p style=\"text-align: justify;\"><a href=\"http:\/\/tajotoledo.es\/?page_id=1690\" target=\"_blank\" rel=\"noopener noreferrer\">20170619<\/a><a href=\"http:\/\/tajotoledo.es\/?page_id=1718\" target=\"_blank\" rel=\"noopener noreferrer\">.- Manifestaci\u00f3n por el 45 aniversario de la prohibici\u00f3n del ba\u00f1o<\/a>. Galer\u00edas:<a href=\"http:\/\/atletismotoledano.blogspot.com.es\/2017\/06\/medio-ambiente-cientos-de-toledanos-se.html\" target=\"_blank\" rel=\"noopener noreferrer\"> Atletismo Toledano<\/a>, <a href=\"https:\/\/www.youtube.com\/watch?v=qHLdhzapyvQ\" target=\"_blank\" rel=\"noopener noreferrer\">Toledo News Redes<\/a>. Prensa: <a href=\"http:\/\/www.abc.es\/espana\/castilla-la-mancha\/toledo\/ciudad\/abci-toledo-protesta-45-anos-sin-banos-tajo-201706192215_noticia.html\" target=\"_blank\" rel=\"noopener noreferrer\">ABC<\/a>, <a href=\"http:\/\/www.eldiario.es\/clm\/GALERIA-FOTOS-Tajo-trasvases-carajo_0_656534862.html\" target=\"_blank\" rel=\"noopener noreferrer\">El Diario<\/a>, <a href=\"http:\/\/cadenaser.com\/emisora\/2017\/06\/20\/ser_toledo\/1497935858_022840.html\" target=\"_blank\" rel=\"noopener noreferrer\">SER<\/a>, <a href=\"http:\/\/www.toledonewsredes.com\/2017\/06\/devolvednos-el-tajo-toledo-levanta-la.html\" target=\"_blank\" rel=\"noopener noreferrer\">Toledo News Redes<\/a>. Alocuci\u00f3n: <a href=\"http:\/\/tajotoledo.es\/wp-content\/uploads\/2017\/06\/Carta%20a%20Pte%20CHT%2019J17.pdf\" target=\"_blank\" rel=\"noopener noreferrer\">Petici\u00f3n de dimisi\u00f3n al presidente de la CHT<\/a>.<\/p>\n<p style=\"text-align: justify;\"><a href=\"http:\/\/tajotoledo.es\/?page_id=1690\" target=\"_blank\" rel=\"noopener noreferrer\">20170610<\/a><a href=\"http:\/\/tajotoledo.es\/wp-content\/uploads\/2017\/05\/Carta%20manifestaci%C3%B3n%20antinuclear%2010J.pdf\" target=\"_blank\" rel=\"noopener noreferrer\">.- Manifestaci\u00f3n por el cierre de la centrales nucleares<\/a>. <a href=\"\/wp-content\/uploads\/2017\/06\/cartel%20jornada%20antinuclear%2020170610.jpg\" target=\"_blank\" rel=\"noopener noreferrer\">Cartel<\/a>.<\/p>\n<p style=\"text-align: justify;\"><a href=\"http:\/\/tajotoledo.es\/?page_id=1627\" target=\"_blank\" rel=\"noopener noreferrer\">20170524.- Conferencia del ciclo UCLM-RFT &#8220;Investigando el Tajo&#8221;. Deterioro de la comunidad de aves acu\u00e1tias en el Tajo medio<\/a>.<\/p>\n<p style=\"text-align: justify;\"><a href=\"\/wp-content\/uploads\/2017\/05\/Cartel%20amianto%20Fuensalida.jpg\" target=\"_blank\" rel=\"noopener noreferrer\">20170523.- Concentraci\u00f3n por la retirada del amianto<\/a>. <a href=\"\/wp-content\/uploads\/2017\/05\/Carta%20amianto%20Fuensalida.pdf\" target=\"_blank\" rel=\"noopener noreferrer\">Carta de llamamiento<\/a>.<\/p>\n<p style=\"text-align: justify;\"><a href=\"http:\/\/tajotoledo.es\/?page_id=1535\" target=\"_blank\" rel=\"noopener noreferrer\">20170520.- De excursi\u00f3n a Aranjuez (junta Jarama-Tajo) y Bolarque (arranque del Trasvase Tajo-Segura)<\/a>.<\/p>\n<p style=\"text-align: justify;\"><a href=\"http:\/\/tajotoledo.es\/?page_id=1690\" target=\"_blank\" rel=\"noopener noreferrer\">20170519<\/a>.- Primera concentraci\u00f3n en defensa del Tajo. \u00a0\u00a0\u00a0 <a href=\"http:\/\/tajotoledo.es\/wp-content\/uploads\/2017\/05\/20170519%20-%20Alocuci%C3%B3n%2019%20mayo%202017.pdf\" target=\"_blank\" rel=\"noopener noreferrer\">Alocuci\u00f3n<\/a>. \u00a0\u00a0\u00a0 <a href=\"http:\/\/atletismotoledano.blogspot.com.es\/2017\/05\/medio-ambiente-los-toledanos-se.html\" target=\"_blank\" rel=\"noopener noreferrer\">Galer\u00eda<\/a>. \u00a0\u00a0\u00a0\u00a0 <a href=\"http:\/\/www.toledonewsredes.com\/2017\/05\/los-19-de-cada-mes-fecha-para.html\" target=\"_blank\" rel=\"noopener noreferrer\">Eco en prensa<\/a>.<\/p>\n<p style=\"text-align: justify;\"><a href=\"http:\/\/tajotoledo.es\/?page_id=1641\" target=\"_blank\" rel=\"noopener noreferrer\">20170512.- Acci\u00f3n Ciudadana de la Red de Agua P\u00fablica (RAP) contra la Disposici\u00f3n Adicional 27 de la Ley de Presupuestos 2017<\/a>. <a href=\"http:\/\/www.eldiario.es\/politica\/Ayuntamientos-remunicipalizacion-Gobierno_0_651634901.html\" target=\"_blank\" rel=\"noopener noreferrer\"><strong>El gobierno se ve obligado a rectificar<\/strong><\/a>.<\/p>\n<p style=\"text-align: justify;\"><a href=\"http:\/\/tajotoledo.es\/wp-content\/uploads\/2017\/04\/Cartel%20A%20vueltas%20con%20los%20Embalses.jpg\" target=\"_blank\" rel=\"noopener noreferrer\">20170511.- Video f\u00f3rum &#8220;A vueltas con los embalses&#8221;. Proyecci\u00f3n del documental &#8220;Los malos sue\u00f1os de Ren\u00e9 Petit&#8221;<\/a>.<\/p>\n<p style=\"text-align: justify;\"><a href=\"http:\/\/tajotoledo.es\/?page_id=1523\" target=\"_blank\" rel=\"noopener noreferrer\">20170506.- Voluntariado: Inventario de impactos<\/a>.<\/p>\n<p style=\"text-align: justify;\"><a href=\"http:\/\/tajotoledo.es\/?page_id=1615\" target=\"_blank\" rel=\"noopener noreferrer\">20170505.- Foro Nueva Cultura del Agua desde el Congreso de los Diputados<\/a>.<\/p>\n<p style=\"text-align: justify;\"><a href=\"http:\/\/tajotoledo.es\/wp-content\/uploads\/2017\/04\/Tertulia-A-vueltas-con-el-Tajo.jpg\" target=\"_blank\" rel=\"noopener noreferrer\">20170427.- Tertulia organizada por el Ateneo Cient\u00edfico y Literario de Toledo<\/a>.<\/p>\n<p style=\"text-align: justify;\"><a href=\"http:\/\/tajotoledo.es\/?page_id=1477\" target=\"_blank\" rel=\"noopener noreferrer\">20170409.- Ruta Geol\u00f3gica Rafael Rodr\u00edguez por Toledo y Las Barrancas<\/a>. <a href=\"https:\/\/tajotoledo.es\/?p=1510\" target=\"_blank\" rel=\"noopener noreferrer\">Cr\u00f3nica de la Jornada<\/a>.<\/p>\n<p style=\"text-align: justify;\"><a href=\"http:\/\/tajotoledo.es\/?page_id=1455\" target=\"_blank\" rel=\"noopener noreferrer\">20170329.- Conferencia del ciclo UCLM-RFT &#8220;Investigando el Tajo&#8221;. La problem\u00e1tica del Trasvase Tajo-Segura desde la perspectiva ambiental, social y agraria en la Regi\u00f3n de Murcia<\/a>.<\/p>\n<p style=\"text-align: justify;\"><a href=\"\/wp-content\/uploads\/2017\/03\/Convocatoria%2026M%20AMREEB.pdf\" target=\"_blank\" rel=\"noopener noreferrer\">20170327.- Caravana de coches en Entrepe\u00f1as desde Saced\u00f3n a Pareja<\/a>. <a href=\"\/wp-content\/uploads\/2017\/04\/Manifiesto%20AMREEB%2026-03-2017.pdf\" target=\"_blank\" rel=\"noopener noreferrer\">Manifiesto<\/a>. <a href=\"https:\/\/www.lavozdetalavera.com\/album\/198\/la-concentracion-contra-el-trasvase-conto-con-representacion-talaverana-en-sacedon-y-pareja\/27\/la-concentracion-contra-el-trasvase-conto-con-representacion-talaverana-en-sacedon-y-pareja.html\" target=\"_blank\" rel=\"noopener noreferrer\">Galer\u00eda<\/a>.<\/p>\n<p style=\"text-align: justify;\"><a href=\"\/wp-content\/uploads\/2017\/03\/Cartel%20Video%20F%C3%B3rum%202017.pdf\" target=\"_blank\" rel=\"noopener noreferrer\">20170314.- Video f\u00f3rum: Los malos sue\u00f1os de Ren\u00e9 Petit. D\u00eda Internacional de Acci\u00f3n por los R\u00edos<\/a>.<\/p>\n<p style=\"text-align: justify;\"><a href=\"http:\/\/tajotoledo.es\/?page_id=1413\" target=\"_blank\" rel=\"noopener noreferrer\">20170215.- Conferencia del ciclo UCLM-RFT &#8220;Investigando el Tajo&#8221;. Estado de conservaci\u00f3n y medidas de gesti\u00f3n para los peces de los r\u00edos mediterr\u00e1neos<\/a>.<\/p>\n<p style=\"text-align: justify;\"><a href=\"http:\/\/tajotoledo.es\/?page_id=1323\">20161130.- Conferencia del ciclo UCLM-RFT &#8220;Investigando el Tajo&#8221;. Seguimiento y estado de conservaci\u00f3n de los peces nativos del Tajo. Graciela G\u00f3mez Nicola.<\/a><\/p>\n<p style=\"text-align: justify;\"><a href=\"http:\/\/tajotoledo.es\/?page_id=1312\" target=\"_blank\" rel=\"noopener noreferrer\">20161123.- Congreso &#8220;El Agua en la provincia de Toledo&#8221;<\/a>.<\/p>\n<p style=\"text-align: justify;\"><a href=\"http:\/\/tajotoledo.es\/?page_id=1231\" target=\"_blank\" rel=\"noopener noreferrer\">20161019.- Suscripci\u00f3n de carta al Presidente del Gobierno, Ministra de Agricultura, Alimentaci\u00f3n y Medioambiente, Directora General del Agua y Presidente de la CHT<\/a>.<\/p>\n<p style=\"text-align: justify;\"><a href=\"http:\/\/tajotoledo.es\/?page_id=1181\" target=\"_blank\" rel=\"noopener noreferrer\">20161015.- Excursi\u00f3n a Aranjuez y Bolarque<\/a><\/p>\n<p style=\"text-align: justify;\"><a href=\"http:\/\/tajotoledo.es\/?page_id=1170\" target=\"_blank\" rel=\"noopener noreferrer\">20160928.- Conferencia del ciclo UCLM-RFT &#8220;Investigando el Tajo&#8221;. Invertebrados acu\u00e1ticos y ed\u00e1ficos en Tajo medio. Jos\u00e9 Luis Yela \/ Mar\u00eda Romero<\/a>.<\/p>\n<p style=\"text-align: justify;\"><a href=\"http:\/\/tajotoledo.es\/?page_id=869\" target=\"_blank\" rel=\"noopener noreferrer\">20160704.- Curso pr\u00e1ctico propio de la UCLM de Gesti\u00f3n y Planificaci\u00f3n del Tajo impartido por la UCLM e incluido en el M\u00e1ster de Gesti\u00f3n Sostenible del Agua de la UZ<\/a><\/p>\n<p style=\"text-align: justify;\"><a href=\"http:\/\/tajotoledo.es\/?page_id=966\" target=\"_blank\" rel=\"noopener noreferrer\">20160518 &#8211; Conferencia del ciclo UCLM-RFT &#8220;Investigado el Tajo&#8221;. Estrategias de supervivencia de las poblaciones biol\u00f3gicas del Tajo a los cambios de r\u00e9gimen de caudales. <\/a><\/p>\n<p style=\"text-align: justify; padding-left: 30px;\"><a href=\"http:\/\/tajotoledo.es\/?page_id=966\" target=\"_blank\" rel=\"noopener noreferrer\">Domingo Baeza<\/a>.<\/p>\n<p style=\"text-align: justify;\"><a href=\"http:\/\/tajotoledo.es\/?page_id=755\" target=\"_blank\" rel=\"noopener noreferrer\">20160514.- Excursi\u00f3n a Aranjuez y Bolarque<\/a><\/p>\n<p style=\"text-align: justify;\"><a href=\"\/wp-content\/uploads\/2016\/05\/D\u00edptico%20Burguillos%20LM.pdf\" target=\"_blank\" rel=\"noopener noreferrer\">20160508.- Inauguraci\u00f3n Exposici\u00f3n del Tajo en Ayuntamiento de Burguillos de Toledo<\/a> &#8211; <a href=\"https:\/\/www.youtube.com\/watch?v=E4mcYAP2h3k\" target=\"_blank\" rel=\"noopener noreferrer\">Videos<\/a> &#8211; <a href=\"https:\/\/www.facebook.com\/ganemosburguillos\/videos\/1779025665660825\/\" target=\"_blank\" rel=\"noopener noreferrer\">FB<\/a><\/p>\n<p style=\"text-align: justify;\"><a href=\"http:\/\/tajotoledo.es\/?page_id=938\" target=\"_blank\" rel=\"noopener noreferrer\">20160501.- \u00a1\u00a1 Da la cara por el Tajo !!<\/a><\/p>\n<p style=\"text-align: justify;\"><a href=\"http:\/\/tajotoledo.es\/?page_id=898\" target=\"_blank\" rel=\"noopener noreferrer\">20160423.- Limpieza en embalse de Castrej\u00f3n y reconocimiento del entorno<\/a><\/p>\n<p style=\"text-align: justify;\"><a href=\"http:\/\/tajotoledo.es\/?page_id=909\" target=\"_blank\" rel=\"noopener noreferrer\">20160422.- D\u00eda de la Tierra en la UCLM<\/a><\/p>\n<p style=\"text-align: justify;\"><a href=\"http:\/\/tajotoledo.es\/?page_id=856\" target=\"_blank\" rel=\"noopener noreferrer\">20160417.- Jornada de formaci\u00f3n ambiental<\/a><\/p>\n<p style=\"text-align: justify;\"><a href=\"http:\/\/tajotoledo.es\/?page_id=755\" target=\"_blank\" rel=\"noopener noreferrer\">20160416.- Excursi\u00f3n a Aranjuez y Bolarque<\/a><\/p>\n<p style=\"text-align: justify;\"><a href=\"http:\/\/tajotoledo.es\/?page_id=848\" target=\"_blank\" rel=\"noopener noreferrer\">20160408.- Taller de pancartas<\/a><\/p>\n<p style=\"text-align: justify;\"><a href=\"http:\/\/tajotoledo.es\/?page_id=809\" target=\"_blank\" rel=\"noopener noreferrer\">20160330.- Conferencia del ciclo UCLM-RFT &#8220;Investigado el Tajo&#8221;. Aguas subterr\u00e1neas del Tajo: Patrimonio h\u00eddrico, ambiental y cultural. Antonio Sastre<\/a><\/p>\n<p><a href=\"http:\/\/tajotoledo.es\/?page_id=862\" target=\"_blank\" rel=\"noopener noreferrer\">20160313.- Jornada de formaci\u00f3n b\u00e1sica de voluntariado<\/a><\/p>\n<p><a href=\"https:\/\/www.uclm.es\/actividades\/evento.aspx?id_evento=3828\" target=\"_blank\" rel=\"noopener noreferrer\">20120220.- I Jornadas Universitarias del Tajo<\/a><\/p>\n","protected":false},"excerpt":{"rendered":"<p>20200130.- Estreno del v\u00eddeo documental &#8220;Un Tajo profundo: Memorias de un r\u00edo&#8221;. V\u00eddeos: Presentaci\u00f3n, coloquio. Prensa: LA TRIBUNA DE TOLEDO &#8211; EL D\u00cdA DIGITAL &#8211; TOLEDONEWSREDES\u00a0&#8211; ABC TOLEDO 20200129.- Ciclo de conferencias Investigando el Tajo: &#8220;Una mirada hidrol\u00f3gica del trasvase &hellip; <a href=\"https:\/\/tajotoledo.es\/?page_id=833\">Continuar<\/a><\/p>\n","protected":false},"author":2,"featured_media":0,"parent":0,"menu_order":0,"comment_status":"closed","ping_status":"closed","template":"page-feature.php","meta":[],"_links":{"self":[{"href":"https:\/\/tajotoledo.es\/index.php?rest_route=\/wp\/v2\/pages\/833"}],"collection":[{"href":"https:\/\/tajotoledo.es\/index.php?rest_route=\/wp\/v2\/pages"}],"about":[{"href":"https:\/\/tajotoledo.es\/index.php?rest_route=\/wp\/v2\/types\/page"}],"author":[{"embeddable":true,"href":"https:\/\/tajotoledo.es\/index.php?rest_route=\/wp\/v2\/users\/2"}],"replies":[{"embeddable":true,"href":"https:\/\/tajotoledo.es\/index.php?rest_route=%2Fwp%2Fv2%2Fcomments&post=833"}],"version-history":[{"count":153,"href":"https:\/\/tajotoledo.es\/index.php?rest_route=\/wp\/v2\/pages\/833\/revisions"}],"predecessor-version":[{"id":3339,"href":"https:\/\/tajotoledo.es\/index.php?rest_route=\/wp\/v2\/pages\/833\/revisions\/3339"}],"wp:attachment":[{"href":"https:\/\/tajotoledo.es\/index.php?rest_route=%2Fwp%2Fv2%2Fmedia&parent=833"}],"curies":[{"name":"wp","href":"https:\/\/api.w.org\/{rel}","templated":true}]}}