{"id":1690,"date":"2017-06-01T19:10:28","date_gmt":"2017-06-01T17:10:28","guid":{"rendered":"http:\/\/tajotoledo.es\/?page_id=1690"},"modified":"2022-11-22T17:42:54","modified_gmt":"2022-11-22T16:42:54","slug":"historial-de-concentraciones","status":"publish","type":"page","link":"https:\/\/tajotoledo.es\/?page_id=1690","title":{"rendered":"Historial de concentraciones."},"content":{"rendered":"<p>19 de noviembre de 2022: Llamamiento a la concentraci\u00f3n. <a href=\"\/wp-content\/uploads\/2022\/11\/Cr%C3%B3nica%20de%20la%20concentraci%C3%B3n%2019-11-2022.pdf\" target=\"_blank\" rel=\"noopener noreferrer\">Cr\u00f3nica<\/a>. <a href=\"https:\/\/youtu.be\/W8Tsct5B9JE\" target=\"_blank\" rel=\"noopener noreferrer\">Fotos y v\u00eddeo<\/a>.<\/p>\n<p>19 de junio de 2022: <a href=\"http:\/\/tajotoledo.es\/wp-content\/uploads\/2022\/06\/20220306%20-%20NdP%20Apoyo%20actos%2050%20a%C3%B1os%20sin%20ba%C3%B1o.pdf\" target=\"_blank\" rel=\"noopener noreferrer\">Llamamiento a la concentraci\u00f3n<\/a>. <a href=\"http:\/\/atletismotoledano.blogspot.com\/2022\/06\/medio-ambiente-se-reanudaron-las.html\" target=\"_blank\" rel=\"noopener noreferrer\">Fotos y v\u00eddeo<\/a>.<\/p>\n<p>19 de mayo de 2020: <a href=\"\/wp-content\/uploads\/2020\/05\/20200517%20-%20NP%20llamamiento%20a%20la%20concentraci%C3%B3n%20.pdf\" target=\"_blank\" rel=\"noopener noreferrer\">Llamamiento a la concentraci\u00f3n<\/a>. Foto.<\/p>\n<p>19 de abril de 2020: Llamamiento a la concentraci\u00f3n. Foto.<\/p>\n<p>19 de marzo de 2020: Llamamiento a la concentraci\u00f3n. Foto.<\/p>\n<p>19 de febrero de 2020: Llamamiento a la concentraci\u00f3n. Foto.<\/p>\n<p>19 de enero de 2020: <a href=\"\/wp-content\/uploads\/2020\/01\/20200117%20-%20NP%20concentraci%C3%B3n%20Tajo%20ene2020.pdf\" target=\"_blank\" rel=\"noopener noreferrer\">Llamamiento a la concentraci\u00f3n<\/a>. Prensa: <a href=\"https:\/\/www.latribunadetoledo.es\/noticia\/Z75F5CF8F-F8BF-0EDE-361ACD09EC1DA282\/202001\/El-Tajo-a-la-Espera-del-Ministerio-de-Transicion-Ecologica\" target=\"_blank\" rel=\"noopener noreferrer\">La Tribuna de Toledo<\/a>. V\u00eddeo: <a href=\"http:\/\/atletismotoledano.blogspot.com\/2020_01_19_archive.html\" target=\"_blank\" rel=\"noopener noreferrer\">Atletismo Toledano<\/a>.<\/p>\n<p>19 de diciembre de 2019: Llamamiento a la concentraci\u00f3n. Foto.<\/p>\n<p>19 de noviembre de 2019: Llamamiento a la concentraci\u00f3n. Foto.<\/p>\n<p>19 de octubre de 2019: Llamamiento a la concentraci\u00f3n. Foto.<\/p>\n<p>19 de septiembre de 2019: Llamamiento a la concentraci\u00f3n. Foto.<\/p>\n<p>19 de agosto de 2019: Llamamiento a la concentraci\u00f3n. Foto.<\/p>\n<p>19 de julio de 2019: Llamamiento a la concentraci\u00f3n. Foto.<\/p>\n<p>19 de junio de 2019: Manifestaci\u00f3n anual en protesta por el trato dado al Tajo. <a href=\"http:\/\/tajotoledo.es\/wp-content\/uploads\/2019\/06\/20190612%20-%20NP%20manifestaci%C3%B3n%20Tajo%202019.pdf\" target=\"_blank\" rel=\"noopener noreferrer\">Convocatoria<\/a>. <a href=\"http:\/\/tajotoledo.es\/wp-content\/uploads\/2019\/06\/Cu%C3%B1a_Tajo_2019v2.mp3\" target=\"_blank\" rel=\"noopener noreferrer\">Cu\u00f1a publicitaria<\/a>. <a href=\"http:\/\/tajotoledo.es\/wp-content\/uploads\/2019\/06\/20190619%20-%20MANIFIESTO%20CONTRA%20EL%20MALTRATO%20AL%20TAJO.pdf\" target=\"_blank\" rel=\"noopener noreferrer\">Manifiesto<\/a>. <a href=\"https:\/\/photos.google.com\/share\/AF1QipOgVsVZdtQzB5UXXKtSRKDH7L3_pvStCctmZxOlyd1YoBRpD2CrQlh2hOa15KHHBQ?key=OEhfS19aTmVfMVlCa0l4T3AweGNHeWxsY0hQTGZ3\" target=\"_blank\" rel=\"noopener noreferrer\">Galer\u00eda de fotos<\/a>. <a href=\"https:\/\/youtu.be\/tmuuYf88YgY\" target=\"_blank\" rel=\"noopener noreferrer\">V\u00eddeo completo<\/a>. <a href=\"https:\/\/youtu.be\/_Fgnj0rmKhs\" target=\"_blank\" rel=\"noopener noreferrer\">V\u00eddeo resumen<\/a>. Prensa: <a href=\"https:\/\/www.latribunadetoledo.es\/Noticia\/Z6B555A75-A411-3710-A4E93586E3A66170\/201906\/Tenemos-mas-razones-que-nunca-para-luchar-por-el-Tajo\" target=\"_blank\" rel=\"noopener noreferrer\">La Tribuna de Toledo<\/a>. <a href=\"https:\/\/toledodiario.es\/exigen-un-caudal-ambiental-en-el-tajo-cuando-se-cumplen-47-anos-de-la-prohibicion-de-bano-en-el-rio\/?fbclid=IwAR0sDwrM-PA_T3LcPUA0ekBKPl4WFRZH_KoZV6UZIRB8vyhvSSVsBqg_km4\" target=\"_blank\" rel=\"noopener noreferrer\">Toledo Diario<\/a>.<\/p>\n<p>19 de mayo de 2019: Llamamiento a la concentraci\u00f3n. Foto.<\/p>\n<p>19 de abril de 2019: <a href=\"\/wp-content\/uploads\/2019\/04\/20190419%20-%20Asuntos%20tratados%20en%20la%20concentraci%C3%B3n..pdf\" target=\"_blank\" rel=\"noopener noreferrer\">Asuntos de inter\u00e9s a compartir<\/a>. <a href=\"\/wp-content\/uploads\/2019\/04\/20190419%20Concentraci%C3%B3n.jpg\" target=\"_blank\" rel=\"noopener noreferrer\">Foto<\/a>.<\/p>\n<p>19 de marzo de 2019:\u00a0<a href=\"http:\/\/tajotoledo.es\/wp-content\/uploads\/2019\/03\/Valoraci%C3%B3n%20sentencia%20309-2019.pdf\" target=\"_blank\" rel=\"noopener noreferrer\">Valoraci\u00f3n de la sentencia<\/a>. Fotos: Blog Atletismo Toledano. Prensa: <a href=\"https:\/\/www.abc.es\/espana\/castilla-la-mancha\/toledo\/abci-plataforma-tajo-celebra-sentencia-tribunal-supremo-201903201159_noticia.html\" target=\"_blank\" rel=\"noopener noreferrer\">ABC<\/a>.\u00a0 <a href=\"https:\/\/www.latribunadetoledo.es\/Noticia\/ZE7D86543-C09F-2E51-2F478B01AA54DA3D\/201903\/Toledo-ve-mas-cerca-el-fin-del-trasvase\" target=\"_blank\" rel=\"noopener noreferrer\">La Tribuna de Toledo<\/a>.<\/p>\n<p>19 de febero de 2019<\/p>\n<p>19 de enero de 2019: <a href=\"\/wp-content\/uploads\/2019\/01\/20190119%20-%20Llamamiento%20a%20la%20concentraci%C3%B3n.pdf\" target=\"_blank\" rel=\"noopener noreferrer\">Llamamiento a la concentraci\u00f3n<\/a>. <a href=\"https:\/\/youtu.be\/B7RHEF62PhQ\" target=\"_blank\" rel=\"noopener noreferrer\">V\u00eddeo<\/a> . <a href=\"https:\/\/photos.app.goo.gl\/CcyXyHjrG9qAcpyC8\">Fotos<\/a>. Prensa: <a href=\"http:\/\/www.latribunadetoledo.es\/Noticia\/Z0B0F8A0B-0AE7-8ECB-3A99B4B86D108989\/201901\/Piden-mas-implicacion-en-la-defensa-del-rio-por-su-situacion\">La Tribuna de Toledo<\/a>. <a href=\"https:\/\/toledodiario.es\/piden-a-los-toledanos-participar-en-una-campana-que-defienda-la-directiva-marco-del-agua\/?fbclid=IwAR3Bv4Ny05Mmm1q-mzxXp8k0ntpbMUw5OU2z6YwCWXcdwcEiskEKj0eqnnk\">ToledoDiario<\/a>. <a href=\"https:\/\/www.clm24.es\/articulo\/toledo\/nueva-concentracion-toledo-defensa-rio-tajo-primera-ano-2019\/20190119184820232430.html\">CLM24<\/a>. <a href=\"https:\/\/eldiadigital.es\/art\/282422\/el-psoe-de-toledo-participa-en-la-concentracion-en-defensa-del-tajo\">El D\u00eda Digital<\/a>. <a href=\"https:\/\/www.eldigitalcastillalamancha.es\/actualidad\/523860375\/Una-foto-para-reflexionar-solo-2-personas-se-manifiestan-en-defensa-del-Tajo-en-Toledo.html\">eldigitalcastillalamancha.es<\/a>.<\/p>\n<p>19 de diciembre de 2018: <a href=\"\/wp-content\/uploads\/2018\/12\/20181218%20-%20NP%20Convocatoria%20de%20concentraci%C3%B3n.pdf\" target=\"_blank\" rel=\"noopener noreferrer\">Llamamiento a la concentraci\u00f3n<\/a>. Video: Convocatoria \u2013 Coloquio. Fotos. Prensa.<\/p>\n<p>19 de noviembre de 2018: Llamamiento a la concentraci\u00f3n. Video: Convocatoria \u2013 Coloquio. Fotos. Prensa.<\/p>\n<p>19 de octubre de 2018: Llamamiento a la concentraci\u00f3n. Video: Convocatoria \u2013 Coloquio. Fotos. Prensa.<\/p>\n<p>19 de septiembre de 2018: Llamamiento a la concentraci\u00f3n. Video: Convocatoria \u2013 Coloquio. Fotos. Prensa.<\/p>\n<p>19 de agosto de 2018: <a href=\"http:\/\/tajotoledo.es\/wp-content\/uploads\/2018\/08\/20180816%20-%20NP%20Convocatoria%20de%20concentraci%C3%B3n.pdf\" target=\"_blank\" rel=\"noopener noreferrer\">Llamamiento a la concentraci\u00f3n<\/a>. Video: <a href=\"https:\/\/youtu.be\/1FvjWOExgb0\" target=\"_blank\" rel=\"noopener noreferrer\">Convocatoria<\/a> \u2013 <a href=\"https:\/\/youtu.be\/HCiadTRnwac\" target=\"_blank\" rel=\"noopener noreferrer\">Coloquio<\/a>. <a href=\"https:\/\/photos.google.com\/share\/AF1QipORr-YunEW3K-J6pLvyjTz3QicJMBmPxKgH-yl6B1_I-534YSjciig5f-XGm0Vkzg?key=Rlg4V0d2RGpZTl95S0JEOUtMcmExN1JQcE5CVm93\" target=\"_blank\" rel=\"noopener noreferrer\">Fotos<\/a>. <a href=\"https:\/\/www.eldiario.es\/clm\/Plataforma-Tajo-Pacto-Agua-Junta_0_805619599.html\" target=\"_blank\" rel=\"noopener noreferrer\">Prensa<\/a>.<\/p>\n<p>19 de julio de 2018: <a href=\"http:\/\/tajotoledo.es\/wp-content\/uploads\/2018\/07\/20180716%20-%20NP%20Convocatoria%20de%20concentraci%C3%B3n.pdf\" target=\"_blank\" rel=\"noopener noreferrer\">Llamamiento a la concentraci\u00f3n<\/a>. <a href=\"https:\/\/youtu.be\/7RZMqEjgV18\" target=\"_blank\" rel=\"noopener noreferrer\">Video<\/a>. <a href=\"https:\/\/photos.google.com\/share\/AF1QipMNBQ7oZKBhmLb7GUAtGvGzicFLPZrd_0GExmtjv8tTZCGr5rpHKvxjEjjBI1jIQQ?key=dFNEV2xGeTNET01oUF9NTXkxeUlwYzc4eF9TVDl3\" target=\"_blank\" rel=\"noopener noreferrer\">Fotos<\/a>.<\/p>\n<p>19 de junio de 2018: <a href=\"http:\/\/tajotoledo.es\/?page_id=2515\" target=\"_blank\" rel=\"noopener noreferrer\">Manifestaci\u00f3n por el 46 aniversario de la prohibici\u00f3n del ba\u00f1o<\/a>. Prensa: <a href=\"https:\/\/www.eldiario.es\/clm\/Banadores-toallas-Tajo-prohibido-Toledo_0_783572353.html\" target=\"_blank\" rel=\"noopener noreferrer\">El diario de CLM<\/a> \u2013 <a href=\"http:\/\/www.abc.es\/espana\/castilla-la-mancha\/toledo\/ciudad\/abci-toledo-protesta-46-anos-tajo-muerto-201806192115_noticia.html\" target=\"_blank\" rel=\"noopener noreferrer\">ABC<\/a> \u2013 <a href=\"http:\/\/www.lacerca.com\/noticias\/toledo\/pce-manifestacion-rio-tajo-toledo-426311-1.html\" target=\"_blank\" rel=\"noopener noreferrer\">La Cerca<\/a>. \u2013\u00a0<a href=\"https:\/\/toledodiario.es\/fotos-cientos-toledanos-piden-recuperar-completamente-tajo\/\" target=\"_blank\" rel=\"noopener noreferrer\">Toledo Diario<\/a>. \u2013 <a href=\"https:\/\/www.clm24.es\/articulo\/toledo\/plataforma-defensa-dtajo-confia-nuevo-gobierno-cambie-tendencia-politica-agua\/20180619200658208859.html\" target=\"_blank\" rel=\"noopener noreferrer\">CLM24<\/a>. V\u00eddeos: <a href=\"https:\/\/youtu.be\/eCDlZUpX6Vk\" target=\"_blank\" rel=\"noopener noreferrer\">Atletismo Toledano<\/a>. Galer\u00edas: <a href=\"http:\/\/www.encastillalamancha.es\/castilla-la-mancha\/las-voces-en-defensa-de-la-dignidad-del-rio-tajo-vuelven-a-alzarse-en-toledo-en-imagenes\/#ringtone\/gallery\/galeria1\/0\" target=\"_blank\" rel=\"noopener noreferrer\">EnCLM.es<\/a> \u2013 <a href=\"https:\/\/photos.google.com\/share\/AF1QipMhR43nxR2nGFNIpvfFylKRHOcL5t3pU7bMDKLYwTriqDL_tzyPovOihBIc3Id_ZA?key=bXplb0NSVFhIRk1tdzhHeWYtVXJyWjB6Y0JQY2ZB\" target=\"_blank\" rel=\"noopener noreferrer\">Atletismo Toledano<\/a>.<\/p>\n<p>19 de mayo de 2018: <a href=\"https:\/\/youtu.be\/lt8_aOwYjfI\" target=\"_blank\" rel=\"noopener noreferrer\">Resumen en Atletismo Toledano<\/a>. <a href=\"https:\/\/photos.google.com\/share\/AF1QipN59t1X-OfZY0Ka_zn8UTAI5v3E26YPr7iRUjsoi7d65N8Nla547YzOLtEmXYn_Rw?key=amVxYVBZNXZQbUtSRVBibTBiNHQyenBxX29DcnVR\" target=\"_blank\" rel=\"noopener noreferrer\">Galer\u00eda<\/a>.<\/p>\n<p>19 de abril de 2018:<\/p>\n<p>19 de marzo de 2018: <a href=\"http:\/\/tajotoledo.es\/wp-content\/uploads\/2018\/03\/Llamamiento%20concentraci%C3%B3n%20marzo%202018.jpg\" target=\"_blank\" rel=\"noopener noreferrer\" data-rel=\"lightbox\">Llamamiento a la concentraci\u00f3n<\/a>. <a href=\"http:\/\/tajotoledo.es\/wp-content\/uploads\/2018\/03\/IMG_20180320_114532_404.jpg\" target=\"_blank\" rel=\"noopener noreferrer\" data-rel=\"lightbox\">La estampa del Tajo<\/a>. Galer\u00eda:\u00a0 <a href=\"http:\/\/tajotoledo.es\/wp-content\/uploads\/2018\/03\/IMG-20180319-WA0019.jpg\" target=\"_blank\" rel=\"noopener noreferrer\" data-rel=\"lightbox\">1<\/a> \u2013 <a href=\"http:\/\/tajotoledo.es\/wp-content\/uploads\/2018\/03\/IMG-20180319-WA0020.jpg\" target=\"_blank\" rel=\"noopener noreferrer\" data-rel=\"lightbox\">2<\/a> \u2013 <a href=\"http:\/\/tajotoledo.es\/wp-content\/uploads\/2018\/03\/IMG-20180319-WA0024.jpg\" target=\"_blank\" rel=\"noopener noreferrer\" data-rel=\"lightbox\">3<\/a> \u2013 <a href=\"http:\/\/tajotoledo.es\/wp-content\/uploads\/2018\/03\/IMG-20180319-WA0025.jpg\" target=\"_blank\" rel=\"noopener noreferrer\" data-rel=\"lightbox\">4<\/a>.<\/p>\n<p>19 de febrero de 2018: <a href=\"\/wp-content\/uploads\/2018\/02\/20180219%20-%20Llamamiento%20a%20la%20concentraci%C3%B3n.pdf\" target=\"_blank\" rel=\"noopener noreferrer\">Llamamiento a la concentraci\u00f3n<\/a>. <a href=\"\/wp-content\/uploads\/2018\/02\/IMG-20180219-WA0002.jpg\" target=\"_blank\" rel=\"noopener noreferrer\">La estampa del Tajo<\/a>. Galer\u00eda:\u00a0 <a href=\"\/wp-content\/uploads\/2018\/02\/IMG-concentraci%C3%B3n%20feb18-1.jpg\" target=\"_blank\" rel=\"noopener noreferrer\">1<\/a> &#8211; <a href=\"\/wp-content\/uploads\/2018\/02\/IMG-concentraci%C3%B3n%20feb18-2.jpg\" target=\"_blank\" rel=\"noopener noreferrer\">2<\/a> &#8211; <a href=\"\/wp-content\/uploads\/2018\/02\/IMG-concentraci%C3%B3n%20feb18-3.jpg\" target=\"_blank\" rel=\"noopener noreferrer\">3<\/a>. Alocuci\u00f3n: <a href=\"\/wp-content\/uploads\/2018\/02\/20180219%20-%20Temas%20de%20alocuci%C3%B3n%2019%20febrero%202018.pdf\" target=\"_blank\" rel=\"noopener noreferrer\">Asuntos de inter\u00e9s a compartir<\/a>.<\/p>\n<p>19 de enero de 2018: <a href=\"\/wp-content\/uploads\/2018\/01\/20180117%20-%20NP%20Concentraci%C3%B3n%20enero.pdf\" target=\"_blank\" rel=\"noopener noreferrer\">Llamamiento a la concentraci\u00f3n<\/a>. <a href=\"\/wp-content\/uploads\/2018\/01\/IMG-20180119%20Tajo%20Toledo.jpg\" target=\"_blank\" rel=\"noopener noreferrer\">La estampa del Tajo<\/a>. Galer\u00eda:\u00a0<a href=\"\/wp-content\/uploads\/2018\/01\/IMG_20180119.jpg\" target=\"_blank\" rel=\"noopener noreferrer\"> 1<\/a>. Alocuci\u00f3n: <a href=\"\/wp-content\/uploads\/2018\/01\/20180119%20-%20Temas%20de%20alocuci%C3%B3n%2019%20enero%202018.pdf\" target=\"_blank\" rel=\"noopener noreferrer\">Asuntos de inter\u00e9s a compartir<\/a>.<\/p>\n<p>19 de diciembre de 2017: <a href=\"\/wp-content\/uploads\/2017\/12\/20171217%20-%20NP%20Concentraci%C3%B3n%20en%20Navidad.pdf\" target=\"_blank\" rel=\"noopener noreferrer\">Llamamiento a la concentraci\u00f3n<\/a>. <a href=\"\/wp-content\/uploads\/2017\/12\/IMG_20171219_165629.jpg\" target=\"_blank\" rel=\"noopener noreferrer\">La estampa del Tajo<\/a>. Galer\u00eda: <a href=\"http:\/\/www.encastillalamancha.es\/sociedad\/la-plataforma-toledo-defensa-del-tajo-se-concentra-toledo-protesta-maltrato-al-rio\/#ringtone\/gallery\/galeria1\/8\" target=\"_blank\" rel=\"noopener noreferrer\">EnCLM<\/a> &#8211;<a href=\"\/wp-content\/uploads\/2017\/12\/DAC_9499.JPG\" target=\"_blank\" rel=\"noopener noreferrer\"> 1 <\/a>&#8211;<a href=\"\/wp-content\/uploads\/2017\/12\/DAC_9498.JPG\" target=\"_blank\" rel=\"noopener noreferrer\"> 2 <\/a>&#8211;<a href=\"\/wp-content\/uploads\/2017\/12\/DAC_9486.JPG\" target=\"_blank\" rel=\"noopener noreferrer\"> 3 <\/a>&#8211;<a href=\"\/wp-content\/uploads\/2017\/12\/DAC_9482.JPG\" target=\"_blank\" rel=\"noopener noreferrer\"> 4 <\/a>&#8211;<a href=\"\/wp-content\/uploads\/2017\/12\/DAC_9479.JPG\" target=\"_blank\" rel=\"noopener noreferrer\"> 5 <\/a>&#8211;<a href=\"\/wp-content\/uploads\/2017\/12\/DAC_9478.JPG\" target=\"_blank\" rel=\"noopener noreferrer\"> 6 <\/a>&#8211;<a href=\"\/wp-content\/uploads\/2017\/12\/DAC_9476.JPG\" target=\"_blank\" rel=\"noopener noreferrer\"> 7 <\/a>&#8211;<a href=\"\/wp-content\/uploads\/2017\/12\/DAC_9473.JPG\" target=\"_blank\" rel=\"noopener noreferrer\"> 8<\/a>. Prensa: <a href=\"https:\/\/www.clm24.es\/articulo\/toledo\/concentra-defensa-rio-rechaza-34-sordera34-soluciones-gestion-agua\/20171219221018185531.html\" target=\"_blank\" rel=\"noopener noreferrer\">CLM24.es<\/a> &#8211; <a href=\"http:\/\/www.lacerca.com\/noticias\/toledo\/plataforma-tajo-concentra-rio-sordera-soluciones-gestion-agua-398048-1.html\" target=\"_blank\" rel=\"noopener noreferrer\">La Cerca<\/a>. <a href=\"http:\/\/toledodiario.es\/la-plataforma-del-tajo-advierte-de-que-la-sequia-se-utiliza-como-argumento-enganoso-en-favor-de-trasvases-y-embalses\/\" target=\"_blank\" rel=\"noopener noreferrer\">Toledodiario.es<\/a>. \u00a0\u00a0\u00a0\u00a0\u00a0\u00a0\u00a0\u00a0\u00a0\u00a0 Alocuci\u00f3n: <a href=\"\/wp-content\/uploads\/2017\/12\/20171219%20-%20Temas%20de%20alocuci%C3%B3n%2019%20diciembre%202017.pdf\" target=\"_blank\" rel=\"noopener noreferrer\">Asuntos de inter\u00e9s a compartir<\/a>.<\/p>\n<p>19 de noviembre de 2017: <a href=\"\/wp-content\/uploads\/2017\/11\/20171115%20-%20Nota%20de%20prensa%20nuevo%20horario%20de%20concentraciones.pdf\" target=\"_blank\" rel=\"noopener noreferrer\">Llamamiento a la concentraci\u00f3n<\/a>. <a href=\"http:\/\/tajotoledo.es\/wp-content\/uploads\/2017\/11\/Imagen%20del%20Tajo%20el%2019-11-2017.jpg\" target=\"_blank\" rel=\"noopener noreferrer\" data-rel=\"lightbox\">La estampa del d\u00eda<\/a>. <a href=\"http:\/\/tajotoledo.es\/wp-content\/uploads\/2017\/11\/Imagen%20del%20Tajo%2019-11-2017.jpg\" target=\"_blank\" rel=\"noopener noreferrer\" data-rel=\"lightbox\">La estampa del Tajo<\/a>.\u00a0 Fotos: <a href=\"http:\/\/tajotoledo.es\/wp-content\/uploads\/2017\/11\/IMG-20171120-WA0014.jpg\" target=\"_blank\" rel=\"noopener noreferrer\" data-rel=\"lightbox\">1<\/a> \u2013 <a href=\"http:\/\/tajotoledo.es\/wp-content\/uploads\/2017\/11\/IMG-20171120-WA0011.jpg\" target=\"_blank\" rel=\"noopener noreferrer\" data-rel=\"lightbox\">2<\/a> \u2013 <a href=\"http:\/\/tajotoledo.es\/wp-content\/uploads\/2017\/11\/IMG-20171120-WA0007.jpg\" target=\"_blank\" rel=\"noopener noreferrer\" data-rel=\"lightbox\">3<\/a>. Prensa:\u00a0\u00a0\u00a0\u00a0\u00a0\u00a0\u00a0\u00a0\u00a0\u00a0\u00a0\u00a0\u00a0 Alocuci\u00f3n: <a href=\"\/wp-content\/uploads\/2017\/11\/20171119%20-%20Temas%20de%20alocuci%C3%B3n%2019%20noviembre%202017.pdf\" target=\"_blank\" rel=\"noopener noreferrer\">Asuntos de inter\u00e9s a compartir<\/a>.<\/p>\n<p>19 de octubre de 2017:\u00a0 <a href=\"\/wp-content\/uploads\/2017\/10\/20171018%20-%20Recordatorio%20convocatoria%20de%20concentraci%C3%B3n.pdf\" target=\"_blank\" rel=\"noopener noreferrer\">Llamamiento a la concentraci\u00f3n<\/a>. <a href=\"\/wp-content\/uploads\/2017\/10\/IMG-20171020-WA0009.jpg\" target=\"_blank\" rel=\"noopener noreferrer\">La estampa del d\u00eda<\/a>. Prensa:\u00a0<a href=\"http:\/\/www.encastillalamancha.es\/castilla-la-mancha\/la-plataforma-de-toledo-en-defensa-del-tajo-pide-la-dimision-de-la-directora-general-del-agua\/\" target=\"_blank\" rel=\"noopener noreferrer\">Encastillalamancha.es<\/a>. \u00a0\u00a0 Alocuci\u00f3n: <a href=\"\/wp-content\/uploads\/2017\/10\/20171019%20-%20Temas%20de%20alocuci%C3%B3n%2019%20octubre%202017.pdf\" target=\"_blank\" rel=\"noopener noreferrer\">Asuntos de inter\u00e9s a compartir<\/a>.<\/p>\n<p>19 de septiembre de 2017:\u00a0\u00a0<a href=\"\/wp-content\/uploads\/2017\/09\/20170918%20-%20Recordatorio%20convocatoria%20de%20concentraci%C3%B3n.pdf\" target=\"_blank\" rel=\"noopener noreferrer\"> Llamamiento a las concentraciones<\/a>.\u00a0\u00a0\u00a0\u00a0 Galer\u00eda: <a href=\"http:\/\/atletismotoledano.blogspot.com.es\/2017\/09\/medio-ambiente-nueva-concentracion-por.html\" target=\"_blank\" rel=\"noopener noreferrer\">Atletismo Toledano<\/a>\u00a0\u00a0\u00a0\u00a0\u00a0\u00a0\u00a0\u00a0\u00a0\u00a0\u00a0 Prensa:\u00a0 <a href=\"http:\/\/www.eldiario.es\/clm\/trasvases-Tajo-siguen-quedaremos-rios_0_688731388.html\" target=\"_blank\" rel=\"noopener noreferrer\">El Diario<\/a>, <a href=\"http:\/\/www.lacerca.com\/noticias\/articulos_opinion\/efecto-dinamica-flivial-383176-1.html\" target=\"_blank\" rel=\"noopener noreferrer\">La Cerca<\/a>.\u00a0\u00a0\u00a0\u00a0 Alocuci\u00f3n: \u00a0 <a href=\"\/wp-content\/uploads\/2017\/09\/20170919%20-%20Temas%20de%20alocuci%C3%B3n%2019%20septiembre%202017.pdf\" target=\"_blank\" rel=\"noopener noreferrer\">Asuntos de inter\u00e9s a compartir<\/a>.<\/p>\n<p>19 de agosto de 2017:\u00a0\u00a0\u00a0 <a href=\"http:\/\/tajotoledo.es\/wp-content\/uploads\/2017\/08\/20170818%20-%20NP%20convocatoria%20de%20concentraci%C3%B3n.pdf\" target=\"_blank\" rel=\"noopener noreferrer\">Llamamiento a las concentraciones<\/a>. Galer\u00eda: <a href=\"http:\/\/atletismotoledano.blogspot.com.es\/2017\/08\/medio-ambiente-fotos-y-video-de-la.html\" target=\"_blank\" rel=\"noopener noreferrer\">Atletismo Toledano<\/a>, <a href=\"\/wp-content\/uploads\/2017\/08\/Estado%20previo%20a%20la%20concentraci%C3%B3n%2010-08-2017.jpg\" target=\"_blank\" rel=\"noopener noreferrer\">La estampa del d\u00eda<\/a>. Prensa: <a href=\"http:\/\/www.eldiario.es\/clm\/Nueva-concentracion-Tajo-Toledo-sequia_0_677532586.html\" target=\"_blank\" rel=\"noopener noreferrer\">El Diario<\/a>. Alocuci\u00f3n: <a href=\"\/wp-content\/uploads\/2017\/08\/20170819%20-%20Temas%20de%20alocuci%C3%B3n%2019%20agosto%202017.pdf\" target=\"_blank\" rel=\"noopener noreferrer\">Asuntos de inter\u00e9s a compartir<\/a>.<\/p>\n<p>19 de julio de 2017:\u00a0\u00a0\u00a0\u00a0\u00a0\u00a0\u00a0 <a href=\"\/wp-content\/uploads\/2017\/07\/Llamamiento%20de%20actitud%20en%20concentraciones.pdf\" target=\"_blank\" rel=\"noopener noreferrer\">Llamamiento a las concentraciones<\/a>. Galer\u00eda: <a href=\"http:\/\/atletismotoledano.blogspot.com.es\/2017\/07\/medio-ambiente-concentracion-por-el-rio.html\" target=\"_blank\" rel=\"noopener noreferrer\">Atletismo Toledano<\/a>, <a href=\"\/wp-content\/uploads\/2017\/07\/Papillas%20Tajo%2018-07-2017.pdf\" target=\"_blank\" rel=\"noopener noreferrer\">Desde el meandro<\/a>. Prensa: <a href=\"http:\/\/www.eldiario.es\/clm\/nacional-intercambio-cromos-siempre-Tajo_0_667033445.html\" target=\"_blank\" rel=\"noopener noreferrer\">El Diario<\/a>, <a href=\"http:\/\/www.toledonewsredes.com\/2017\/07\/la-sentencia-del-ebro-abre-una-puerta.html?spref=fb\" target=\"_blank\" rel=\"noopener noreferrer\">Toledo News Redes<\/a>. Alocuci\u00f3n: <a href=\"\/wp-content\/uploads\/2017\/07\/20170719%20-%20Temas%20de%20alocuci%C3%B3n%2019%20julio%202017.pdf\" target=\"_blank\" rel=\"noopener noreferrer\">Asuntos de inter\u00e9s a compartir<\/a>.<\/p>\n<p>19 de junio de 2017:\u00a0\u00a0\u00a0\u00a0\u00a0\u00a0 <a href=\"http:\/\/tajotoledo.es\/?page_id=1718\" target=\"_blank\" rel=\"noopener noreferrer\">Llamamiento a la manifestaci\u00f3n<\/a>. Galer\u00edas:<a href=\"http:\/\/atletismotoledano.blogspot.com.es\/2017\/06\/medio-ambiente-cientos-de-toledanos-se.html\" target=\"_blank\" rel=\"noopener noreferrer\"> Atletismo Toledano<\/a>, <a href=\"https:\/\/www.youtube.com\/watch?v=qHLdhzapyvQ\" target=\"_blank\" rel=\"noopener noreferrer\">Toledo News Redes<\/a>. Prensa: <a href=\"http:\/\/www.abc.es\/espana\/castilla-la-mancha\/toledo\/ciudad\/abci-toledo-protesta-45-anos-sin-banos-tajo-201706192215_noticia.html\" target=\"_blank\" rel=\"noopener noreferrer\">ABC<\/a>, <a href=\"http:\/\/www.eldiario.es\/clm\/GALERIA-FOTOS-Tajo-trasvases-carajo_0_656534862.html\" target=\"_blank\" rel=\"noopener noreferrer\">El Diario<\/a>, <a href=\"http:\/\/cadenaser.com\/emisora\/2017\/06\/20\/ser_toledo\/1497935858_022840.html\" target=\"_blank\" rel=\"noopener noreferrer\">SER<\/a>, <a href=\"http:\/\/www.toledonewsredes.com\/2017\/06\/devolvednos-el-tajo-toledo-levanta-la.html\" target=\"_blank\" rel=\"noopener noreferrer\">Toledo News Redes<\/a>. Alocuci\u00f3n: <a href=\"http:\/\/tajotoledo.es\/wp-content\/uploads\/2017\/06\/Carta%20a%20Pte%20CHT%2019J17.pdf\" target=\"_blank\" rel=\"noopener noreferrer\">Petici\u00f3n de dimisi\u00f3n al presidente de la CHT<\/a>.<\/p>\n<p>19 de mayo de 2017:\u00a0\u00a0\u00a0\u00a0\u00a0 <a href=\"http:\/\/tajotoledo.es\/wp-content\/uploads\/2017\/05\/20170519%20-%20Alocuci%C3%B3n%2019%20mayo%202017.pdf\" target=\"_blank\" rel=\"noopener noreferrer\">Alocuci\u00f3n<\/a>. \u00a0\u00a0\u00a0 <a href=\"http:\/\/atletismotoledano.blogspot.com.es\/2017\/05\/medio-ambiente-los-toledanos-se.html\" target=\"_blank\" rel=\"noopener noreferrer\">Galer\u00eda<\/a>. \u00a0\u00a0\u00a0\u00a0 <a href=\"http:\/\/www.toledonewsredes.com\/2017\/05\/los-19-de-cada-mes-fecha-para.html\" target=\"_blank\" rel=\"noopener noreferrer\">Eco en prensa<\/a>.<\/p>\n","protected":false},"excerpt":{"rendered":"<p>19 de noviembre de 2022: Llamamiento a la concentraci\u00f3n. Cr\u00f3nica. Fotos y v\u00eddeo. 19 de junio de 2022: Llamamiento a la concentraci\u00f3n. Fotos y v\u00eddeo. 19 de mayo de 2020: Llamamiento a la concentraci\u00f3n. Foto. 19 de abril de 2020: &hellip; <a href=\"https:\/\/tajotoledo.es\/?page_id=1690\">Continuar<\/a><\/p>\n","protected":false},"author":3,"featured_media":0,"parent":0,"menu_order":0,"comment_status":"closed","ping_status":"closed","template":"page-feature.php","meta":[],"_links":{"self":[{"href":"https:\/\/tajotoledo.es\/index.php?rest_route=\/wp\/v2\/pages\/1690"}],"collection":[{"href":"https:\/\/tajotoledo.es\/index.php?rest_route=\/wp\/v2\/pages"}],"about":[{"href":"https:\/\/tajotoledo.es\/index.php?rest_route=\/wp\/v2\/types\/page"}],"author":[{"embeddable":true,"href":"https:\/\/tajotoledo.es\/index.php?rest_route=\/wp\/v2\/users\/3"}],"replies":[{"embeddable":true,"href":"https:\/\/tajotoledo.es\/index.php?rest_route=%2Fwp%2Fv2%2Fcomments&post=1690"}],"version-history":[{"count":54,"href":"https:\/\/tajotoledo.es\/index.php?rest_route=\/wp\/v2\/pages\/1690\/revisions"}],"predecessor-version":[{"id":4032,"href":"https:\/\/tajotoledo.es\/index.php?rest_route=\/wp\/v2\/pages\/1690\/revisions\/4032"}],"wp:attachment":[{"href":"https:\/\/tajotoledo.es\/index.php?rest_route=%2Fwp%2Fv2%2Fmedia&parent=1690"}],"curies":[{"name":"wp","href":"https:\/\/api.w.org\/{rel}","templated":true}]}}