{"id":909,"date":"2016-04-19T04:28:26","date_gmt":"2016-04-19T03:28:26","guid":{"rendered":"http:\/\/tajotoledo.es\/?page_id=909"},"modified":"2016-04-25T15:30:17","modified_gmt":"2016-04-25T14:30:17","slug":"dia-de-la-tierra-en-la-uclm","status":"publish","type":"page","link":"http:\/\/tajotoledo.es\/?page_id=909","title":{"rendered":"D\u00eda de la Tierra en la UCLM"},"content":{"rendered":"<p style=\"text-align: justify;\"><a href=\"http:\/\/tajotoledo.es\/wp-content\/uploads\/2016\/04\/Jornadas-UCLM-del-d\u00eda-de-la-Tierra.-e1461035392304.jpg\"><img loading=\"lazy\" class=\"alignleft size-medium wp-image-908\" src=\"http:\/\/tajotoledo.es\/wp-content\/uploads\/2016\/04\/Jornadas-UCLM-del-d\u00eda-de-la-Tierra.-212x300.jpg\" alt=\"Jornadas UCLM del d\u00eda de la Tierra.\" width=\"212\" height=\"300\" \/><\/a>Aunque no es una actividad organizada ni participada por la Plataforma, sino organizada por la Delegaci\u00f3n de Alumnos de la Facultad de Ciencias Ambientales y Bioqu\u00edmica de la UCLM, se trata de una actividad abierta en todos los sentidos. Abierta porque se hace al aire libre, junto al puente de polvorines del Campus F\u00e1brica de Armas; y abierta porque permite que el p\u00fablico en general entre y participe de ella.<\/p>\n<p style=\"text-align: justify;\">Se trata de una propuesta hecha por el alumnado al profesorado con motivo del D\u00eda Mundial de la Tierra consistente en charlas con sus profesores sobre distintas disciplinas y casos concretos extra\u00eddos de nuestro entorno m\u00e1s inmediato, en los que el agua y el aire son los protagonistas objeto de la discusi\u00f3n.<\/p>\n<p style=\"text-align: justify;\">No es necesaria inscripci\u00f3n previa; basta con asistir al punto de encuentro a las horas se\u00f1aladas.<\/p>\n<p style=\"text-align: justify;\">Desde la UCLM se nos ofrece a la Plataforma la difusi\u00f3n de esta actividad y participar en ella. Dicho y hecho queda para que cualquier persona interesada acuda a cualquiera de las charlas al aire libre que se ofrecen.<\/p>\n<p style=\"text-align: justify;\">\u00a1Feliz D\u00eda de la Tierra!<\/p>\n","protected":false},"excerpt":{"rendered":"<p>Aunque no es una actividad organizada ni participada por la Plataforma, sino organizada por la Delegaci\u00f3n de Alumnos de la Facultad de Ciencias Ambientales y Bioqu\u00edmica de la UCLM, se trata de una actividad abierta en todos los sentidos. Abierta &hellip; <a href=\"http:\/\/tajotoledo.es\/?page_id=909\">Continuar<\/a><\/p>\n","protected":false},"author":3,"featured_media":0,"parent":0,"menu_order":0,"comment_status":"closed","ping_status":"closed","template":"page-feature.php","meta":[],"_links":{"self":[{"href":"http:\/\/tajotoledo.es\/index.php?rest_route=\/wp\/v2\/pages\/909"}],"collection":[{"href":"http:\/\/tajotoledo.es\/index.php?rest_route=\/wp\/v2\/pages"}],"about":[{"href":"http:\/\/tajotoledo.es\/index.php?rest_route=\/wp\/v2\/types\/page"}],"author":[{"embeddable":true,"href":"http:\/\/tajotoledo.es\/index.php?rest_route=\/wp\/v2\/users\/3"}],"replies":[{"embeddable":true,"href":"http:\/\/tajotoledo.es\/index.php?rest_route=%2Fwp%2Fv2%2Fcomments&post=909"}],"version-history":[{"count":10,"href":"http:\/\/tajotoledo.es\/index.php?rest_route=\/wp\/v2\/pages\/909\/revisions"}],"predecessor-version":[{"id":927,"href":"http:\/\/tajotoledo.es\/index.php?rest_route=\/wp\/v2\/pages\/909\/revisions\/927"}],"wp:attachment":[{"href":"http:\/\/tajotoledo.es\/index.php?rest_route=%2Fwp%2Fv2%2Fmedia&parent=909"}],"curies":[{"name":"wp","href":"https:\/\/api.w.org\/{rel}","templated":true}]}}