{"id":898,"date":"2016-04-18T10:12:59","date_gmt":"2016-04-18T09:12:59","guid":{"rendered":"http:\/\/tajotoledo.es\/?page_id=898"},"modified":"2017-05-09T18:51:38","modified_gmt":"2017-05-09T16:51:38","slug":"actividad-ambiental-en-castrejon","status":"publish","type":"page","link":"http:\/\/tajotoledo.es\/?page_id=898","title":{"rendered":"Actividad ambiental en Castrej\u00f3n"},"content":{"rendered":"<p style=\"text-align: justify;\"><a href=\"http:\/\/tajotoledo.es\/wp-content\/uploads\/2016\/04\/D\u00eda-de-la-Tierra-2016-1.jpg\" rel=\"attachment wp-att-899\"><img loading=\"lazy\" class=\"alignleft size-medium wp-image-899\" src=\"http:\/\/tajotoledo.es\/wp-content\/uploads\/2016\/04\/D\u00eda-de-la-Tierra-2016-1-212x300.jpg\" alt=\"D\u00eda de la Tierra 2016\" width=\"212\" height=\"300\" srcset=\"http:\/\/tajotoledo.es\/wp-content\/uploads\/2016\/04\/D\u00eda-de-la-Tierra-2016-1-212x300.jpg 212w, http:\/\/tajotoledo.es\/wp-content\/uploads\/2016\/04\/D\u00eda-de-la-Tierra-2016-1-768x1086.jpg 768w, http:\/\/tajotoledo.es\/wp-content\/uploads\/2016\/04\/D\u00eda-de-la-Tierra-2016-1-724x1024.jpg 724w, http:\/\/tajotoledo.es\/wp-content\/uploads\/2016\/04\/D\u00eda-de-la-Tierra-2016-1.jpg 1587w\" sizes=\"(max-width: 212px) 100vw, 212px\" \/><\/a>Los pr\u00f3ximos d\u00edas 23 y 24 de abril de 2016, en la cercan\u00eda de la celebraci\u00f3n del d\u00eda mundial de la Tierra, Ecologistas en Acci\u00f3n de Toledo y la Plataforma de Toledo en Defensa del Tajo hemos previsto la realizaci\u00f3n de una serie de actividades de concienciaci\u00f3n entorno al embalse de Castrej\u00f3n y al Monumento Natural de Las Barrancas..<\/p>\n<p style=\"text-align: justify;\">Para ello hemos previsto a lo largo del <strong>s\u00e1bado d\u00eda 23 organizar una limpieza de basuras y de todo tipo de restos que se acumulan en el espig\u00f3n del embalse de Castrej\u00f3n <\/strong>debido al desarrollo de actividades de pesca poco respetuosas de a\u00f1os precedentes.<\/p>\n<p style=\"text-align: justify;\">Ser\u00e1 una cita de jornada completa que <strong>terminar\u00e1 hacia las 7 de la tarde<\/strong>. Quienes acudamos <strong>desde Toledo<\/strong> hemos quedado en salir <strong>a las 9:00 en el Centro Cultural San Ildefonso<\/strong>, junto al puente de La Cava y la mezquita del Cristo de la Vega. <strong>Quienes acudan directamente<\/strong>, deber\u00e1n estar <strong>a las 10:00 en el puente que cruza el r\u00edo Tajo en el embalse de Castrej\u00f3n<\/strong>. Se trata de una <strong>actividad colaborativa no apta para ni\u00f1os<\/strong>, por lo que preferiblemente va <strong>destinada a personas adultas y j\u00f3venes de m\u00e1s de 15 a\u00f1os que asuman su responsabilidad<\/strong> en cuanto a la valoraci\u00f3n de los riesgos y la aceptaci\u00f3n de las recomendaciones que la actividad pueda comportar para evitar tropiezos, enganches, ca\u00eddas, cortes, etc.). En este sentido, <strong>recomendamos acudir con mono o ropa desechada y calzado c\u00f3modo y deportivo<\/strong>. Es imprescindible el uso de guantes, aunque la organizaci\u00f3n proveer\u00e1 de ellos. <strong>Cada cual debe llevar su picnic de comida, agua para toda la jornada y la protecci\u00f3n solar necesaria en cada caso<\/strong>.<\/p>\n<p style=\"text-align: justify;\">En esta jornada estaremos asistidos por los Agentes Medioambientales que patrullan la zona y los servicios de limpieza que acudir\u00e1n a recoger las bolsas al final de la jornada.<\/p>\n<p style=\"text-align: justify;\"><strong>El d\u00eda 24 se realizar\u00e1 una actividad de concienciaci\u00f3n informativa en el MN de las Barrancas y otros puntos pr\u00f3ximos<\/strong>, consistente en el recorrido de la senda y la exposici\u00f3n a los visitantes de este espacio natural de los valores, problem\u00e1tica y necesidades de protecci\u00f3n del enclave. Atenderemos tambi\u00e9n a la lamentable situaci\u00f3n del r\u00edo Tajo en este punto cr\u00edtico de la cuenca. <strong>Quienes salgamos de Toledo lo haremos a las 9:30 del Centro Cultural San Ildefonso<\/strong> para estar a las 10:00 en el aparcamiento de las Barrancas. <strong>Daremos por concluida la jornada hacia las 13:00.<\/strong><\/p>\n<p style=\"text-align: justify;\">Nos gustar\u00eda contar con tanta colaboraci\u00f3n desinteresada como sea posible, por lo que os <strong>pedimos que difund\u00e1is en redes sociales estas iniciativas<\/strong> y que preferiblemente os apunt\u00e9is <strong><a href=\"http:\/\/tajotoledo.es\/?page_id=406\" target=\"_blank\" rel=\"noopener noreferrer\">aqu\u00ed <\/a><\/strong>para saber con cu\u00e1ntas personas contamos para proveer la log\u00edstica necesaria. Os esperamos.<\/p>\n<p style=\"padding-left: 60px;\"><a href=\"http:\/\/tajotoledo.es\/wp-content\/uploads\/2016\/04\/20160425%20-%20NP%20Limpieza%20en%20Castrej\u00f3n.pdf\" target=\"_blank\" rel=\"noopener noreferrer\">Ver nota de prensa posterior a la actividad<\/a>\u00a0\u00a0\u00a0\u00a0\u00a0\u00a0\u00a0\u00a0\u00a0\u00a0\u00a0\u00a0 <a href=\"wp-content\/uploads\/2016\/04\/20160423%20-%20Limpieza%20Castrej\u00f3n.pdf\" target=\"_blank\" rel=\"noopener noreferrer\">Ver galer\u00eda de fotos de la actividad (d\u00eda 23)<\/a> \u00a0\u00a0\u00a0\u00a0\u00a0\u00a0\u00a0\u00a0\u00a0\u00a0\u00a0\u00a0\u00a0\u00a0\u00a0\u00a0\u00a0\u00a0\u00a0\u00a0\u00a0\u00a0 <a href=\"http:\/\/tajotoledo.es\/wp-content\/uploads\/2016\/04\/GALERIA%20DE%20FOTOS%20EN%20EMBALSE%20DE%20CASTREJ\u00d3%20Y%20ALREDEDORES.pdf\" target=\"_blank\" rel=\"noopener noreferrer\">Ver galer\u00eda de fotos de la actividad (d\u00eda 24)<\/a><\/p>\n","protected":false},"excerpt":{"rendered":"<p>Los pr\u00f3ximos d\u00edas 23 y 24 de abril de 2016, en la cercan\u00eda de la celebraci\u00f3n del d\u00eda mundial de la Tierra, Ecologistas en Acci\u00f3n de Toledo y la Plataforma de Toledo en Defensa del Tajo hemos previsto la realizaci\u00f3n &hellip; <a href=\"http:\/\/tajotoledo.es\/?page_id=898\">Continuar<\/a><\/p>\n","protected":false},"author":3,"featured_media":0,"parent":0,"menu_order":0,"comment_status":"closed","ping_status":"closed","template":"page-feature.php","meta":[],"_links":{"self":[{"href":"http:\/\/tajotoledo.es\/index.php?rest_route=\/wp\/v2\/pages\/898"}],"collection":[{"href":"http:\/\/tajotoledo.es\/index.php?rest_route=\/wp\/v2\/pages"}],"about":[{"href":"http:\/\/tajotoledo.es\/index.php?rest_route=\/wp\/v2\/types\/page"}],"author":[{"embeddable":true,"href":"http:\/\/tajotoledo.es\/index.php?rest_route=\/wp\/v2\/users\/3"}],"replies":[{"embeddable":true,"href":"http:\/\/tajotoledo.es\/index.php?rest_route=%2Fwp%2Fv2%2Fcomments&post=898"}],"version-history":[{"count":7,"href":"http:\/\/tajotoledo.es\/index.php?rest_route=\/wp\/v2\/pages\/898\/revisions"}],"predecessor-version":[{"id":1611,"href":"http:\/\/tajotoledo.es\/index.php?rest_route=\/wp\/v2\/pages\/898\/revisions\/1611"}],"wp:attachment":[{"href":"http:\/\/tajotoledo.es\/index.php?rest_route=%2Fwp%2Fv2%2Fmedia&parent=898"}],"curies":[{"name":"wp","href":"https:\/\/api.w.org\/{rel}","templated":true}]}}