{"id":2409,"date":"2018-05-10T03:46:56","date_gmt":"2018-05-10T01:46:56","guid":{"rendered":"http:\/\/tajotoledo.es\/?page_id=2409"},"modified":"2018-05-25T21:34:49","modified_gmt":"2018-05-25T19:34:49","slug":"conferencia-del-ciclo-uclm-rft-investigando-el-tajo-7","status":"publish","type":"page","link":"http:\/\/tajotoledo.es\/?page_id=2409","title":{"rendered":"Conferencia del ciclo UCLM-RFT &#8220;Investigando el Tajo&#8221;"},"content":{"rendered":"<p align=\"JUSTIFY\"><a href=\"http:\/\/tajotoledo.es\/wp-content\/uploads\/2018\/05\/Poster-Domingo-Baeza-y-Emilio-Menendez.jpg\"><img loading=\"lazy\" class=\"size-medium wp-image-2410 alignleft\" src=\"http:\/\/tajotoledo.es\/wp-content\/uploads\/2018\/05\/Poster-Domingo-Baeza-y-Emilio-Menendez-225x300.jpg\" alt=\"\" width=\"225\" height=\"300\" srcset=\"http:\/\/tajotoledo.es\/wp-content\/uploads\/2018\/05\/Poster-Domingo-Baeza-y-Emilio-Menendez-225x300.jpg 225w, http:\/\/tajotoledo.es\/wp-content\/uploads\/2018\/05\/Poster-Domingo-Baeza-y-Emilio-Menendez.jpg 720w\" sizes=\"(max-width: 225px) 100vw, 225px\" \/><\/a><a href=\"\/wp-content\/uploads\/2018\/05\/Poster%20Domingo%20Baeza%20y%20Emilio%20Menendez.pdf\" target=\"_blank\" rel=\"noopener\"><strong>P\u00f3ster en PDF<\/strong><\/a><strong>\u00a0\u00a0\u00a0 &#8211;\u00a0\u00a0\u00a0 <a href=\"https:\/\/youtu.be\/ucB0kLvZkOI\" target=\"_blank\" rel=\"noopener\">V\u00eddeo de la 1\u00aa parte<\/a> \u00a0\u00a0 &#8211; \u00a0\u00a0 <a href=\"https:\/\/youtu.be\/I7lR5POlsjY\" target=\"_blank\" rel=\"noopener\">V\u00eddeo de la 2\u00aa parte<\/a> \u00a0\u00a0 &#8211;\u00a0\u00a0\u00a0 <a href=\"https:\/\/youtu.be\/b2vICNYNU-M\" target=\"_blank\" rel=\"noopener\">Coloquio<\/a><\/strong><\/p>\n<p align=\"JUSTIFY\"><span style=\"font-family: Times\\ New\\ Roman, serif;\"><span style=\"font-size: medium;\"><b>Resumen de la conferencia:<\/b><\/span><\/span><\/p>\n<p align=\"JUSTIFY\"><span style=\"font-family: Times\\ New\\ Roman, serif;\"><span style=\"font-size: medium;\">En una primera etapa de la conferencia se tratar\u00e1 el<\/span><\/span><b> <\/b><span style=\"font-family: Times\\ New\\ Roman, serif;\"><span style=\"font-size: medium;\">efecto del cambio clim\u00e1tico en los recursos h\u00eddricos en r\u00e9gimen natural, para lo que los conferenciantes se <\/span><\/span><span style=\"font-family: Times\\ New\\ Roman, serif;\"><span style=\"font-size: medium;\">apoyar\u00e1n fundamentalmente en los trabajos de generaci\u00f3n de nuevas series de estimaci\u00f3n de escorrent\u00edas bajo dos escenarios de cambio clim\u00e1tico, a parir de<\/span><\/span><b> <\/b><span style=\"font-family: Times\\ New\\ Roman, serif;\"><span style=\"font-size: medium;\"> los resultados obtenidos por el CEDEX con <\/span><\/span><span style=\"font-family: Times\\ New\\ Roman, serif;\"><span style=\"font-size: medium;\">los escenarios clim\u00e1ticos regionalizados elaborados por la Agencia Estatal de Meteorolog\u00eda. Explicar\u00e1n de forma sencilla c\u00f3mo se simulan las fases del ciclo hidrol\u00f3gico utilizando un modelo de recursos h\u00eddricos, bajo las condiciones impuestas por las proyecciones de precipitaci\u00f3n y temperatura seleccionadas. As\u00ed mismo, se<\/span><\/span><span style=\"font-family: Times\\ New\\ Roman, serif;\"><span style=\"font-size: medium;\"> particularizar\u00e1 para la cuenca del Tajo la variaci\u00f3n en las aportaciones h\u00eddricas para el total de la cuenca, y para puntos concretos singulares, especialmente aquellos donde se concentra la producci\u00f3n energ\u00e9tica.<\/span><\/span><\/p>\n<p align=\"JUSTIFY\"><span style=\"font-family: Times\\ New\\ Roman, serif;\"><span style=\"font-size: medium;\">En una segunda parte se hablar\u00e1 del sistema el\u00e9ctrico espa\u00f1ol, algo de historia y desarrollo y perspectivas de futuro, analizando tanto desde el punto de vista de la producci\u00f3n como de la demanda la situaci\u00f3n de la cuenca del Tajo y la dependencia de la energ\u00eda externa. En concreto se pondr\u00e1 el foco en tres puntos importantes para la cuenca: Bolarque, Castrej\u00f3n, y los embalse del final de la cuenca (<\/span><\/span><span style=\"font-family: Times\\ New\\ Roman, serif;\"><span style=\"font-size: medium;\">Jos\u00e9 Mar\u00eda Oriol, Torrej\u00f3n (Tajo y Ti\u00e9tar), Valdeca\u00f1as y Azut\u00e1n).<\/span><\/span><\/p>\n<p align=\"JUSTIFY\"><span style=\"font-family: Times\\ New\\ Roman, serif;\"><span style=\"font-size: medium;\">En la parte final nos explicar\u00e1n los efectos que pueden tener en la producci\u00f3n el\u00e9ctrica las modificaciones debidas al cambio clim\u00e1tico, cu\u00e1les son las alternativas posibles respecto al uso de estas centrales y cu\u00e1l es su papel futuro en el panorama energ\u00e9tico del pa\u00eds. <\/span><\/span><\/p>\n<p align=\"JUSTIFY\"><span style=\"font-family: Times\\ New\\ Roman, serif;\"><span style=\"font-size: medium;\"><b>Emilio Men\u00e9ndez<\/b><\/span><\/span><span style=\"font-family: Times\\ New\\ Roman, serif;\"><span style=\"font-size: medium;\"> es Dr. Ingeniero de Minas, en la actualidad profesor honorario en la UAM y de la Universidad Polit\u00e9cnica de Madrid. Trabaj\u00f3 en la empresa de ingenier\u00eda INITEC y en la de generaci\u00f3n el\u00e9ctrica ENDESA, donde finaliz\u00f3 sus actividades en 2002 como subdirector de I+D. Particip\u00f3 en el desarrollo de tecnolog\u00edas de uso limpio de carb\u00f3n y de energ\u00edas renovables: e\u00f3lica y solar. Despu\u00e9s colabor\u00f3 con los sindicatos CC.OO. y UGT en actividades de medio ambiente y desarrollo industrial, relacionadas en gran medida con las energ\u00edas renovables. Ha publicado varios libros sobre la estrategia de la energ\u00eda y las energ\u00edas renovables. Ha tenido la suerte de viajar por diversos pa\u00edses y conectar con sus Universidades, donde ha participado en jornadas sobre los citados temas de energ\u00eda y medio ambiente.<\/span><\/span><\/p>\n<p align=\"JUSTIFY\"><span style=\"font-family: Times\\ New\\ Roman, serif;\"><span style=\"font-size: medium;\">Admirador de D. Miguel de Cervantes y de sus recorridos, entre ellos los que nos traen hoy aqu\u00ed, las ace\u00f1as, tambi\u00e9n los molinos de viento. <\/span><\/span><\/p>\n<p align=\"JUSTIFY\"><span style=\"font-family: Times\\ New\\ Roman, serif;\"><span style=\"font-size: medium;\"><b>Domingo Baeza Sanz<\/b><\/span><\/span><span style=\"font-family: Times\\ New\\ Roman, serif;\"><span style=\"font-size: medium;\"> es Licenciado en Ciencias biol\u00f3gicas en la especialidad de Biolog\u00eda Ambiental por la Universidad Aut\u00f3noma de Madrid, donde es profesor de la <\/span><\/span><span style=\"font-family: Times\\ New\\ Roman, serif;\"><span style=\"font-size: medium;\">Facultad de Biolog\u00eda del Departamento de Ecolog\u00eda. <\/span><\/span><span style=\"font-family: Times\\ New\\ Roman, serif;\"><span style=\"font-size: medium;\">Doctor en Biolog\u00eda por la Universidad Polit\u00e9cnica. Ingeniero t\u00e9cnico Agr\u00edcola. <\/span><\/span><\/p>\n<p align=\"JUSTIFY\"><span style=\"font-family: Times\\ New\\ Roman, serif;\"><span style=\"font-size: medium;\">Desarrollo de la labor investigadora en restauraci\u00f3n de r\u00edos y riberas. Investigaci\u00f3n sobre t\u00e9cnicas de restauraci\u00f3n de riberas degradadas, reforestaci\u00f3n y adecuaci\u00f3n del medio para el desarrollo de la vegetaci\u00f3n arb\u00f3rea, c\u00e1lculo de caudales ecol\u00f3gicos y evaluaci\u00f3n del h\u00e1bitat f\u00edsico fluvial. Din\u00e1mica de poblaciones animales. Indicadores biol\u00f3gicos en sistemas acu\u00e1ticos. Fauna asociada a los ecosistemas acu\u00e1ticos.<\/span><\/span><\/p>\n<p align=\"JUSTIFY\"><span style=\"font-family: Times\\ New\\ Roman, serif;\"><span style=\"font-size: medium;\">Varias publicaciones en ecolog\u00eda fluvial: incluyendo trabajos en la cuenca del Tajo referentes a su estado y problem\u00e1tica ambiental.<\/span><\/span><\/p>\n<p align=\"JUSTIFY\"><span style=\"font-family: Times\\ New\\ Roman, serif;\"><span style=\"font-size: medium;\">Socio fundador de la Fundaci\u00f3n Nueva Cultura del Agua: Ecologista convencido y amante de los r\u00edos y de las personas sensibles hacia la belleza.<\/span><\/span><\/p>\n","protected":false},"excerpt":{"rendered":"<p>P\u00f3ster en PDF\u00a0\u00a0\u00a0 &#8211;\u00a0\u00a0\u00a0 V\u00eddeo de la 1\u00aa parte \u00a0\u00a0 &#8211; \u00a0\u00a0 V\u00eddeo de la 2\u00aa parte \u00a0\u00a0 &#8211;\u00a0\u00a0\u00a0 Coloquio Resumen de la conferencia: En una primera etapa de la conferencia se tratar\u00e1 el efecto del cambio clim\u00e1tico en los &hellip; <a href=\"http:\/\/tajotoledo.es\/?page_id=2409\">Continuar<\/a><\/p>\n","protected":false},"author":3,"featured_media":0,"parent":0,"menu_order":0,"comment_status":"closed","ping_status":"closed","template":"page-feature.php","meta":[],"_links":{"self":[{"href":"http:\/\/tajotoledo.es\/index.php?rest_route=\/wp\/v2\/pages\/2409"}],"collection":[{"href":"http:\/\/tajotoledo.es\/index.php?rest_route=\/wp\/v2\/pages"}],"about":[{"href":"http:\/\/tajotoledo.es\/index.php?rest_route=\/wp\/v2\/types\/page"}],"author":[{"embeddable":true,"href":"http:\/\/tajotoledo.es\/index.php?rest_route=\/wp\/v2\/users\/3"}],"replies":[{"embeddable":true,"href":"http:\/\/tajotoledo.es\/index.php?rest_route=%2Fwp%2Fv2%2Fcomments&post=2409"}],"version-history":[{"count":3,"href":"http:\/\/tajotoledo.es\/index.php?rest_route=\/wp\/v2\/pages\/2409\/revisions"}],"predecessor-version":[{"id":2442,"href":"http:\/\/tajotoledo.es\/index.php?rest_route=\/wp\/v2\/pages\/2409\/revisions\/2442"}],"wp:attachment":[{"href":"http:\/\/tajotoledo.es\/index.php?rest_route=%2Fwp%2Fv2%2Fmedia&parent=2409"}],"curies":[{"name":"wp","href":"https:\/\/api.w.org\/{rel}","templated":true}]}}