{"id":1811,"date":"2017-08-15T15:33:41","date_gmt":"2017-08-15T13:33:41","guid":{"rendered":"http:\/\/tajotoledo.es\/?page_id=1811"},"modified":"2017-08-15T15:33:41","modified_gmt":"2017-08-15T13:33:41","slug":"16-de-septiembre-de-2017-excursion-a-aranjuez-y-bolarque","status":"publish","type":"page","link":"http:\/\/tajotoledo.es\/?page_id=1811","title":{"rendered":"16 de septiembre de 2017: Excursi\u00f3n a Aranjuez y Bolarque"},"content":{"rendered":"<div class=\"gmail_default\">\n<div>\n<div>\n<p><a href=\"http:\/\/tajotoledo.es\/wp-content\/uploads\/2017\/08\/Cartel-excursion-Aranjuez-Bolarque-sep17.jpg\"><img loading=\"lazy\" class=\"size-medium wp-image-1812 alignleft\" src=\"http:\/\/tajotoledo.es\/wp-content\/uploads\/2017\/08\/Cartel-excursion-Aranjuez-Bolarque-sep17-212x300.jpg\" alt=\"\" width=\"212\" height=\"300\" \/><\/a>Amigas y amigos del Tajo y sus r\u00edos:<\/p>\n<\/div>\n<div>\n<p style=\"text-align: justify;\">La Asociaci\u00f3n de Vecinos &#8220;El Tajo&#8221; y el C\u00edrculo de Podemos de Toledo nos han manifestado su deseo de organizar una excursi\u00f3n a la junta de los r\u00edos Jarama-Tajo y a Bolarque y nos han pedido la implicaci\u00f3n de la Plataforma para llevarlo a cabo.<\/p>\n<\/div>\n<div style=\"text-align: justify;\">Como ya hicimos con otros colectivos, hemos aceptado la propuesta y, como es habitual, esta excursi\u00f3n est\u00e1 abierta a cualquier otra persona que desee acompa\u00f1arnos.<\/div>\n<div class=\"m_-8775843455857219948gmail-m_-8653461384090230949m_4617163922851587327gmail-main m_-8775843455857219948gmail-m_-8653461384090230949m_4617163922851587327gmail-col-md-12\">\n<div class=\"m_-8775843455857219948gmail-m_-8653461384090230949m_4617163922851587327entry-content\">\n<p style=\"text-align: justify;\">Por tanto, volvemos a organizar la <b><span class=\"m_-8775843455857219948gmail-il\">excursi\u00f3n<\/span><\/b> al embalse de <span class=\"m_-8775843455857219948gmail-il\">Bolarque<\/span> -lugar <b>donde el Tajo queda estrangulado para iniciarse el trasvase<\/b> Tajo-Segura (TTS)- y a la junta de los r\u00edos Tajo-Jarama en Aranjuez- lugar <b>donde el Tajo entrega el \u00faltimo hilo de vida<\/b> despu\u00e9s de ese estrangulamiento. <b>Una <span class=\"m_-8775843455857219948gmail-il\">excursi\u00f3n<\/span> frontera entre el antes y el despu\u00e9s de lo que puedas sentir por el Tajo<\/b>.<\/p>\n<p style=\"text-align: justify;\"><b><u>Descripci\u00f3n<\/u><\/b><\/p>\n<p style=\"text-align: justify;\">Se trata de una <span class=\"m_-8775843455857219948gmail-il\">excursi\u00f3n<\/span> de d\u00eda completo con la siguiente planificaci\u00f3n:<\/p>\n<ul>\n<li style=\"text-align: justify;\">Salida el <b>d\u00eda 16 de septiembre<\/b>, s\u00e1bado, a las <b>9:00<\/b> horas desde el Centro Cultural San Ildefonso, junto al puente de La Cava y a la mezquita del Cristo de la Vega.<\/li>\n<li style=\"text-align: justify;\">Hacia las 9:15 pararemos en la Biblioteca del Pol\u00edgono a recoger a quienes vengan desde all\u00ed.<\/li>\n<li style=\"text-align: justify;\">Sobre las <b>10:30<\/b> visitaremos en Aranjuez la <b>junta de los r\u00edos<\/b>, donde, tras un paseo de apenas 1 km., nos encontraremos con las pocas aguas del Tajo que han escapado de su estrangulamiento en <span class=\"m_-8775843455857219948gmail-il\">Bolarque<\/span> y son engullidas por las cloacas del Jarama.<\/li>\n<li style=\"text-align: justify;\">Posteriormente repondremos fuerzas desayunando en Aranjuez.<\/li>\n<li style=\"text-align: justify;\">Si cumplimos el horario, a las 12:00 nos acercaremos a la playa de <b>La Pavera<\/b>, lugar emblem\u00e1tico en Aranjuez como lo es Safont en Toledo.<\/li>\n<li style=\"text-align: justify;\">Sobre las 12:30 saldremos hacia el embalse de <span class=\"m_-8775843455857219948gmail-il\">Bolarque<\/span>.<\/li>\n<li style=\"text-align: justify;\">Hacia las <b>13:30<\/b> haremos una breve parada para contemplar <b>el TTS en su formato de canal y t\u00fanel<\/b>.<\/li>\n<li style=\"text-align: justify;\"><b>Hasta las 17:00<\/b> horas, disfrutaremos del <b>entono de <span class=\"m_-8775843455857219948gmail-il\">Bolarque<\/span><\/b>, donde podremos comer al aire libre el picnic que cada cual se haya preparado, contemplar y disfrutar las claras aguas del r\u00edo Tajo, y pasmarnos entre los gigantescos tubos\u00a0 que succionan las aguas impolutas del r\u00edo Tajo para ser entregadas al TTS. Si vamos bien sobrados de tiempo podr\u00edamos incluso acercarnos a tomar caf\u00e9 a Saced\u00f3n y contemplar el saqueo de su cabecera.<\/li>\n<li style=\"text-align: justify;\">Despu\u00e9s, iniciaremos el viaje de regreso a Toledo y haremos una parada intermedia para tomar un refrigerio.<\/li>\n<li style=\"text-align: justify;\">Hacia las <b>20:00<\/b> habremos vuelto a Toledo. <b>Fin de la <span class=\"m_-8775843455857219948gmail-il\">excursi\u00f3n<\/span><\/b>.<\/li>\n<\/ul>\n<p><b><u>Colaboraciones<\/u><\/b><\/p>\n<p style=\"text-align: justify;\"><b>Esta <span class=\"m_-8775843455857219948gmail-il\">excursi\u00f3n<\/span> pretende servir de conocimiento y sensibilizaci\u00f3n<\/b> acerca de la dimensi\u00f3n de los problemas m\u00e1s acuciantes que sufre el r\u00edo Tajo y de las consecuencias que se materializan y propagan a sus ciudadanos ribere\u00f1os a lo largo de la cuenca. Desde la Plataforma, pretendemos que ese conocimiento y sensibilizaci\u00f3n sean adquiridas de <b>manera emp\u00edrica, l\u00fadica y guiada<\/b>. Por ello, <b>hacemos un llamamiento de colaboraci\u00f3n entre el posible profesorado<\/b> universitario o de bachillerato que desde su \u00e1mbito competencial quiera y pueda colaborar <b>en ayudarnos a interpretar el paisaje, la cultura, la industria, etc.<\/b> que subyace del recorrido de esta <span class=\"m_-8775843455857219948gmail-il\">excursi\u00f3n<\/span>.<\/p>\n<p style=\"text-align: justify;\">Por otra parte, entendemos que esta actividad bien puede concebirse como evento a reproducir tanto en el aula, en la familia o entre el tejido asociativo de nuestro entorno m\u00e1s pr\u00f3ximo. En este sentido, la Plataforma de Toledo en Defensa del Tajo gustosamente est\u00e1 dispuesta a colaborar y queda a disposici\u00f3n para organizar o participar en cuantas propuestas se hayan de plantear.<\/p>\n<p style=\"text-align: justify;\"><b><u>Condiciones<\/u><\/b><\/p>\n<ul style=\"text-align: justify;\">\n<li>La inscripci\u00f3n previa es obligatoria, y el pago adelantado por transferencia bancaria al n\u00famero de cuenta <span class=\"m_-8775843455857219948gmail-product-numero\">ES55 1491 0001 2320 0721 9823<\/span> de la Plataforma de Toledo en Defensa del Tajo, en Triodos Bank.<\/li>\n<li>El viaje se har\u00e1 <b>en autob\u00fas<\/b> si se consigue un <b>m\u00ednimo de 22 personas<\/b>, aportando cada pasajera\u00a0 <b>15 euros si es adulta y 5 si es menor<\/b>.<\/li>\n<li>En caso contrario, y siempre que el n\u00famero de participantes sea de m\u00e1s de siete, nos repartiremos <b>en coches particulares<\/b> voluntarios a raz\u00f3n de 4 personas por coche, compartiendo los gastos de gasolina en cada coche entre sus ocupantes.<\/li>\n<li>Las consumiciones que se hagan durante el viaje, corren a cargo de cada pasajero.<\/li>\n<li>Ninguna de estas condiciones es aplicable a quienes quieran organizarse como grupo aparte o familiar, pudiendo incorporarse a la caravana de viaje y a la actividad planificada.<\/li>\n<\/ul>\n<p style=\"text-align: justify;\"><b><u>Inscripciones<\/u><\/b><\/p>\n<ul style=\"text-align: justify;\">\n<li>El <b>plazo<\/b> de inscripci\u00f3n finaliza el viernes <b>d\u00eda 8 a las 10:00<\/b> horas, aunque rogamos que las inscripciones se hagan lo m\u00e1s pronto posible para organizar el transporte, ya que el autob\u00fas necesita contratarse con una semana de antelaci\u00f3n.<\/li>\n<li>No ser\u00e1n devueltas aquellas inscripciones que se cancelen despu\u00e9s del viernes d\u00eda 8 a las 10:00 horas.<\/li>\n<li>Se pueden hacer las inscripciones <b>por tel\u00e9fono, sms o whatsapp al 699 49 72 12 <\/b><b>y por correo electr\u00f3nico a la direcci\u00f3n <a href=\"mailto:platodetajo@gmail.com\" target=\"_blank\" rel=\"noopener noreferrer\">platodetajo@gmail.com<\/a> o <a href=\"mailto:buzon@tajotoledo.es\" target=\"_blank\" rel=\"noopener noreferrer\">buzon@tajotoledo.es<\/a><\/b>. En ambos casos deber\u00e1n facilitarse los siguientes datos: Nombre y apellidos, tel\u00e9fono de contacto y correo electr\u00f3nico, as\u00ed como el n\u00famero de personas adultas y menores para las que se reserva plaza. <b><u><a href=\"http:\/\/tajotoledo.es\/?page_id=406\" target=\"_blank\" rel=\"noopener noreferrer\" data-saferedirecturl=\"https:\/\/www.google.com\/url?hl=es&amp;q=http:\/\/tajotoledo.es\/?page_id%3D406&amp;source=gmail&amp;ust=1502888977580000&amp;usg=AFQjCNFvE4wtrC6ugVfb-BfoX2sI3YyA0w\">Tambi\u00e9n puedes utilizar este formulario<\/a><\/u>.<\/b><\/li>\n<li><b>Cada inscripci\u00f3n ser\u00e1 confirmada por la Plataforma una vez recibido el ingreso en cuenta<\/b>. No obstante, si no se llegara a reunir el n\u00famero m\u00ednimo de 8 inscripciones antes del plazo de finalizaci\u00f3n, la Plataforma comunicar\u00eda en ese momento la cancelaci\u00f3n de la actividad y devolver\u00eda el importe de las incripciones.<\/li>\n<\/ul>\n<p style=\"text-align: justify;\"><b><u>M\u00e1s informaci\u00f3n<\/u><\/b><\/p>\n<p style=\"text-align: left;\"><b>Cabr\u00eda la posibilidad de visitar el Museo de Bolarque que la Fundaci\u00f3n Gas Natural inaugura ese\u00a0 mismo d\u00eda.<br \/>\n<\/b><\/p>\n<p style=\"text-align: justify;\"><b>Nadie<\/b> que nos haya acompa\u00f1ado en otras ediciones <b>ha quedado impasible<\/b>. An\u00edmate a venir de <span class=\"m_-8775843455857219948gmail-il\">excursi\u00f3n<\/span> y conocer el Tajo del que nos privan y ver c\u00f3mo lo hacen. <b>Seguro que<\/b>, despu\u00e9s de esta visita, <b>encontrar\u00e1s <\/b>en la Plataforma<b> m\u00e1s motivos para participar <\/b>de sus actividades<b> a favor del Tajo<\/b>. <b>Dif\u00fandelo<\/b> entre tus contactos y participa en nuestro voluntariado: <b><u><a href=\"http:\/\/www.tajotoledo.es\" target=\"_blank\" rel=\"noopener noreferrer\" data-saferedirecturl=\"https:\/\/www.google.com\/url?hl=es&amp;q=http:\/\/www.tajotoledo.es&amp;source=gmail&amp;ust=1502888977580000&amp;usg=AFQjCNEbXLtUO5Sk6xs3iP1AYvJPFetopQ\">www.tajotoledo.es<\/a><\/u><\/b><\/p>\n<p style=\"text-align: justify;\">Es recomendable llevar ropa y calzado deportivos, c\u00e1mara y prism\u00e1ticos. El tiempo est\u00e1 asegurado.<\/p>\n<p style=\"text-align: justify;\">En <b><u><a href=\"https:\/\/www.youtube.com\/watch?v=A5rYGpLZBnw\" target=\"_blank\" rel=\"noopener noreferrer\" data-saferedirecturl=\"https:\/\/www.google.com\/url?hl=es&amp;q=https:\/\/www.youtube.com\/watch?v%3DA5rYGpLZBnw&amp;source=gmail&amp;ust=1502888977580000&amp;usg=AFQjCNH1wO33r5ALtFmP6PJc2-yF7yV-Uw\">este enlace<\/a><\/u><\/b> encontrar\u00e1s el montaje en video que hizo nuestro colaborador Emilio Rubio en su primer viaje.<\/p>\n<p style=\"text-align: justify;\">Adjuntamos cartel por si puedes imprimirlo y exponerlo en tu centro de trabajo o entorno m\u00e1s inmediato. Difunde este correo entre tus contactos. Gracias.<\/p>\n<p style=\"text-align: justify;\">Saludos y feliz <span class=\"m_-8775843455857219948gmail-il\">excursi\u00f3n<\/span>.<\/p>\n<\/div>\n<\/div>\n<\/div>\n<\/div>\n<div>\n<div class=\"m_-8775843455857219948gmail_signature\">\n<div dir=\"ltr\">\n<div>\n<div dir=\"ltr\">\n<div>\n<div dir=\"ltr\">\n<div><span style=\"font-size: small;\">Plataforma de Toledo en Defensa del Tajo &#8211; <a href=\"http:\/\/www.tajotoledo.es\" target=\"_blank\" rel=\"noopener noreferrer\" data-saferedirecturl=\"https:\/\/www.google.com\/url?hl=es&amp;q=http:\/\/www.tajotoledo.es&amp;source=gmail&amp;ust=1502888977580000&amp;usg=AFQjCNEbXLtUO5Sk6xs3iP1AYvJPFetopQ\">www.tajotoledo.es<\/a><br \/>\nPor un Tajo Limpio y con Caudal: \u00a1DEFENDAMOS NUESTROS R\u00cdOS!<br \/>\n<\/span><\/div>\n<div><b><u><i><span style=\"font-size: small;\">Admitimos donativos. Cuenta: <\/span>ES55 1491 0001 2320 0721 9823. Gracias<\/i><\/u><i>.<\/i><u><i><\/i><\/u><\/b><\/div>\n<\/div>\n<\/div>\n<\/div>\n<\/div>\n<\/div>\n<\/div>\n<\/div>\n","protected":false},"excerpt":{"rendered":"<p>Amigas y amigos del Tajo y sus r\u00edos: La Asociaci\u00f3n de Vecinos &#8220;El Tajo&#8221; y el C\u00edrculo de Podemos de Toledo nos han manifestado su deseo de organizar una excursi\u00f3n a la junta de los r\u00edos Jarama-Tajo y a Bolarque &hellip; <a href=\"http:\/\/tajotoledo.es\/?page_id=1811\">Continuar<\/a><\/p>\n","protected":false},"author":3,"featured_media":0,"parent":0,"menu_order":0,"comment_status":"closed","ping_status":"closed","template":"page-feature.php","meta":[],"_links":{"self":[{"href":"http:\/\/tajotoledo.es\/index.php?rest_route=\/wp\/v2\/pages\/1811"}],"collection":[{"href":"http:\/\/tajotoledo.es\/index.php?rest_route=\/wp\/v2\/pages"}],"about":[{"href":"http:\/\/tajotoledo.es\/index.php?rest_route=\/wp\/v2\/types\/page"}],"author":[{"embeddable":true,"href":"http:\/\/tajotoledo.es\/index.php?rest_route=\/wp\/v2\/users\/3"}],"replies":[{"embeddable":true,"href":"http:\/\/tajotoledo.es\/index.php?rest_route=%2Fwp%2Fv2%2Fcomments&post=1811"}],"version-history":[{"count":1,"href":"http:\/\/tajotoledo.es\/index.php?rest_route=\/wp\/v2\/pages\/1811\/revisions"}],"predecessor-version":[{"id":1813,"href":"http:\/\/tajotoledo.es\/index.php?rest_route=\/wp\/v2\/pages\/1811\/revisions\/1813"}],"wp:attachment":[{"href":"http:\/\/tajotoledo.es\/index.php?rest_route=%2Fwp%2Fv2%2Fmedia&parent=1811"}],"curies":[{"name":"wp","href":"https:\/\/api.w.org\/{rel}","templated":true}]}}