{"id":1170,"date":"2016-09-20T13:06:43","date_gmt":"2016-09-20T12:06:43","guid":{"rendered":"http:\/\/tajotoledo.es\/?page_id=1170"},"modified":"2017-03-29T23:40:38","modified_gmt":"2017-03-29T21:40:38","slug":"conferencia-del-ciclo-uclm-rft-investigando-el-tajo","status":"publish","type":"page","link":"http:\/\/tajotoledo.es\/?page_id=1170","title":{"rendered":"Conferencia del ciclo UCLM-RFT &#8220;Investigando el Tajo&#8221;"},"content":{"rendered":"<p><strong><a href=\"http:\/\/tajotoledo.es\/wp-content\/uploads\/2016\/09\/Cartel-Yela-RFT.jpg\"><img loading=\"lazy\" class=\"alignleft size-medium wp-image-1173\" src=\"http:\/\/tajotoledo.es\/wp-content\/uploads\/2016\/09\/Cartel-Yela-RFT-219x300.jpg\" alt=\"cartel-yela-rft\" width=\"219\" height=\"300\" srcset=\"http:\/\/tajotoledo.es\/wp-content\/uploads\/2016\/09\/Cartel-Yela-RFT-219x300.jpg 219w, http:\/\/tajotoledo.es\/wp-content\/uploads\/2016\/09\/Cartel-Yela-RFT.jpg 597w\" sizes=\"(max-width: 219px) 100vw, 219px\" \/><\/a><\/strong><\/p>\n<p><a href=\"https:\/\/www.youtube.com\/watch?v=rvEm8FcZJUw\" target=\"_blank\">Resumen<\/a>\u00a0\u00a0\u00a0\u00a0\u00a0 <a href=\"https:\/\/www.youtube.com\/watch?v=BpflWFsong0\" target=\"_blank\">Primera parte<\/a>\u00a0\u00a0\u00a0\u00a0\u00a0\u00a0\u00a0 <a href=\"https:\/\/www.youtube.com\/watch?v=5nX0UWPy638\" target=\"_blank\">Segunda parte<\/a>\u00a0\u00a0\u00a0\u00a0\u00a0 <a href=\"https:\/\/www.youtube.com\/watch?v=2_Y1TxwMXvY\" target=\"_blank\">Coloquio<\/a><\/p>\n<p><strong>SOBRE EL CONFERENCIANTE<\/strong><\/p>\n<p style=\"text-align: justify;\"><span style=\"text-decoration: underline;\">Jos\u00e9 Luis Yela<\/span><br \/>\nJos\u00e9 Luis Yela es doctor en Biolog\u00eda por la Universidad Complutense de Madrid. Es entom\u00f3logo y Profesor Titular de Zoolog\u00eda y Conservaci\u00f3n Biol\u00f3gica en la Facultad de Ciencias del Medio Ambiente y Bioqu\u00edmica de la Universidad de Castilla-La Mancha, Toledo, donde coordina el grupo de investigaci\u00f3n DITEG y gestiona las colecciones del Instituto de Ciencias Ambientales. Ha estado asociado al Museo Nacional de Ciencias Naturales, CSIC (Madrid), al NERC Centre for Population Biology del Imperial College, en Silwood Park (Ascot, Gran Breta\u00f1a), a la Estaci\u00f3n Biol\u00f3gica de Do\u00f1ana, del CSIC (Sevilla), al Centro de Investigaci\u00f3n y Tecnolog\u00eda, INIA (Madrid) y a la Universidad Pablo de Olavide (Sevilla). Su inter\u00e9s investigador incluye disciplinas como taxonom\u00eda, filogenia, t\u00e9cnicas de censo y conservaci\u00f3n de insectos, ecolog\u00eda y evoluci\u00f3n de las interacciones insecto-planta y control biol\u00f3gico de insectos plaga, aunque en los \u00faltimos a\u00f1os est\u00e1 interesado tambi\u00e9n en el funcionamiento de los agregados de invertebrados acu\u00e1ticos en respuesta a las condiciones ambientales de las cuencas riparias. Ha participado o coordinado diferentes proyectos de investigaci\u00f3n nacionales e internacionales, entre ellos ATTENAGUA (\u201cPuesta a punto de una metodolog\u00eda capaz de prever los mejores emplazamientos para la explotaci\u00f3n de las aguas subterr\u00e1neas en el territorio SUDOE\u201d). Es autor o coautor de numerosas publicaciones cient\u00edficas de investigaci\u00f3n y divulgaci\u00f3n, entre ellas los Atlas y Libros Rojos de los Invertebrados de Espa\u00f1a. Actualmente es miembro del Comit\u00e9 Cient\u00edfico para el Cat\u00e1logo Nacional de Especies Amenazadas del Ministerio de Agricultura, Alimentaci\u00f3n y Medio Ambiente y de, ENSSER, la Red Europea de Cient\u00edficos en favor de la Responsabilidad Social y Ambiental. Adem\u00e1s es miembro activo de diferentes colectivos ambientalistas y ecologistas, como la Plataforma de Toledo en Defensa del Tajo, as\u00ed como pedag\u00f3gicos (como Educaci\u00f3n Libre Toledo, de la que es socio de honor).<\/p>\n<p style=\"text-align: justify;\"><span style=\"text-decoration: underline;\">Mar\u00eda Romero Cortina<\/span><br \/>\nEs graduada en Ciencias Ambientales por la UCLM, donde en julio pasado defendi\u00f3 su Trabajo de Fin de Grado titulado \u201cCalidad del agua del Tajo en su tramo medio: variaci\u00f3n de los \u00edndices biol\u00f3gicos en funci\u00f3n de par\u00e1metros f\u00edsico-qu\u00edmicos\u201d, bajo la direcci\u00f3n de Jos\u00e9 Luis Yela.<\/p>\n<p style=\"text-align: justify;\"><strong>SINOPSIS<\/strong><\/p>\n<p style=\"text-align: justify;\">En el marco del proceso de atenci\u00f3n creciente que est\u00e1 recibiendo en los \u00faltimos a\u00f1os el estado del r\u00edo Tajo en su tramo medio, a causa sobre todo de la merma de su caudal por efecto del cambio clim\u00e1tico, del trasvase Tajo-Segura y del abastecimiento al \u00e1rea de Madrid, el objetivo de nuestra charla es discutir el papel de los invertebrados acu\u00e1ticos y de ribera en el tramo medio del r\u00edo Tajo, para lo que nos basamos en los resultados de dos proyectos en los que hemos estado involucrados durante los \u00faltimos a\u00f1os.<br \/>\nEn primer lugar, hemos tratado de caracterizar rigurosamente la calidad del agua desde un enfoque biol\u00f3gico, usando para ello los datos que ofrecen en sus p\u00e1ginas de Internet la Confederaci\u00f3n Hidrogr\u00e1fica del Tajo (CHT), as\u00ed como otros provenientes del Servicio Integral de Asesoramiento al Regante (SIAR) y el Sistema de Informaci\u00f3n del Anuario de Aforos, del Ministerio de Agricultura y Medio Ambiente. Para lograrlo, hemos estudiado la variaci\u00f3n de los \u00edndices biol\u00f3gicos m\u00e1s usados para caracterizar la calidad del agua libre (IBMWP, IASPT, IPS, CEE, IBD, IHF e IVAM) en el r\u00edo Tajo y en los afluentes de su tramo medio en relaci\u00f3n con la variaci\u00f3n estacional (primavera y oto\u00f1o, de acuerdo con la tipificaci\u00f3n de la CHT) y entre localidades de ciertas variables f\u00edsico-qu\u00edmicas (ox\u00edgeno, pH, conductividad, nitratos, amonio y f\u00f3sforo), las cuales reflejan la contaminaci\u00f3n de las aguas. Todos los \u00edndices biol\u00f3gicos var\u00edan significativamente en funci\u00f3n de la localidad; adem\u00e1s, la mayor parte de ellos var\u00eda en funci\u00f3n de alguna de las propiedades f\u00edsico-qu\u00edmicas del agua. Los resultados de los ANCOVAs que relacionan las localidades de muestreo y las variables f\u00edsico-qu\u00edmicas con los \u00edndices biol\u00f3gicos indican diferencias notables entre los datos de primavera y de oto\u00f1o. En primavera, la calidad del agua depende sobre todo de la variaci\u00f3n de la concentraci\u00f3n de ox\u00edgeno, de amonio y de f\u00f3sforo, mientras que en oto\u00f1o depende sobre todo de la de ox\u00edgeno y de la conductividad. Los propios \u00edndices biol\u00f3gicos difieren significativamente entre estaciones del a\u00f1o. Ni la variaci\u00f3n de la temperatura media de cada estaci\u00f3n del a\u00f1o, la de la pluviosidad ni la del caudal (que apenas oscila estacionalmente debido a su alta regulaci\u00f3n) explican estas diferencias entre los resultados de primavera y oto\u00f1o, luego lo m\u00e1s plausible es que la causa fundamental de las diferencias sea simplemente la variaci\u00f3n de la concentraci\u00f3n de contaminantes.<br \/>\nEn segundo lugar, hemos estudiado la estructura del agregado de invertebrados presente en el r\u00edo y en el agua del subsuelo (hasta 20 m de profundidad) en un meandro representativo del tramo medio del Tajo, en concreto en La Puebla de Montalb\u00e1n, aguas debajo del Embalse de Castrej\u00f3n. El objetivo consist\u00eda en la caracterizaci\u00f3n taxon\u00f3mica (cu\u00e1l es su identidad, al nivel de orden o familia) y funcional (cu\u00e1l es su papel en la red<br \/>\ntr\u00f3fica) de dichos invertebrados, de forma que se pudiera relacionar con las caracter\u00edsticas qu\u00edmicas e hidrogeol\u00f3gicas del r\u00edo. Para ello se dispusieron piez\u00f3metros en diferentes posiciones del mencionado meandro, y se recogieron muestras de los invertebrados que habitan en esos lugares durante un a\u00f1o completo (a raz\u00f3n de un muestreo por estaci\u00f3n del a\u00f1o). El mismo procedimiento fue llevado a cabo en los r\u00edos Ebro, Bidasoa y Garona. En el tramo medio del r\u00edo Tajo, el agregado de invertebrados est\u00e1 muy empobrecido respecto a lo que ocurre en las otras cuencas estudiadas, que sin embargo muestran niveles an\u00e1logos de contaminantes qu\u00edmicos. El rasgo diferencial de la cuenca media del Tajo es su ausencia de din\u00e1mica hidrogeol\u00f3gica debida a su bajo caudal, cuya manifestaci\u00f3n m\u00e1s clara es la ausencia de riadas primaverales. Como se sabe, esto es debido a las extracciones (trasvase Tajo-Segura, abastecimiento de Madrid) y a la regulaci\u00f3n del cauce por el efecto de los embalses.<\/p>\n","protected":false},"excerpt":{"rendered":"<p>Resumen\u00a0\u00a0\u00a0\u00a0\u00a0 Primera parte\u00a0\u00a0\u00a0\u00a0\u00a0\u00a0\u00a0 Segunda parte\u00a0\u00a0\u00a0\u00a0\u00a0 Coloquio SOBRE EL CONFERENCIANTE Jos\u00e9 Luis Yela Jos\u00e9 Luis Yela es doctor en Biolog\u00eda por la Universidad Complutense de Madrid. Es entom\u00f3logo y Profesor Titular de Zoolog\u00eda y Conservaci\u00f3n Biol\u00f3gica en la Facultad de Ciencias &hellip; <a href=\"http:\/\/tajotoledo.es\/?page_id=1170\">Continuar<\/a><\/p>\n","protected":false},"author":3,"featured_media":1168,"parent":0,"menu_order":0,"comment_status":"closed","ping_status":"closed","template":"page-feature.php","meta":[],"_links":{"self":[{"href":"http:\/\/tajotoledo.es\/index.php?rest_route=\/wp\/v2\/pages\/1170"}],"collection":[{"href":"http:\/\/tajotoledo.es\/index.php?rest_route=\/wp\/v2\/pages"}],"about":[{"href":"http:\/\/tajotoledo.es\/index.php?rest_route=\/wp\/v2\/types\/page"}],"author":[{"embeddable":true,"href":"http:\/\/tajotoledo.es\/index.php?rest_route=\/wp\/v2\/users\/3"}],"replies":[{"embeddable":true,"href":"http:\/\/tajotoledo.es\/index.php?rest_route=%2Fwp%2Fv2%2Fcomments&post=1170"}],"version-history":[{"count":6,"href":"http:\/\/tajotoledo.es\/index.php?rest_route=\/wp\/v2\/pages\/1170\/revisions"}],"predecessor-version":[{"id":1489,"href":"http:\/\/tajotoledo.es\/index.php?rest_route=\/wp\/v2\/pages\/1170\/revisions\/1489"}],"wp:featuredmedia":[{"embeddable":true,"href":"http:\/\/tajotoledo.es\/index.php?rest_route=\/wp\/v2\/media\/1168"}],"wp:attachment":[{"href":"http:\/\/tajotoledo.es\/index.php?rest_route=%2Fwp%2Fv2%2Fmedia&parent=1170"}],"curies":[{"name":"wp","href":"https:\/\/api.w.org\/{rel}","templated":true}]}}